{"id":2155,"date":"2018-07-20T17:25:58","date_gmt":"2018-07-20T16:25:58","guid":{"rendered":"http:\/\/blog.sy-sy.cz\/?page_id=2155"},"modified":"2025-03-15T17:38:48","modified_gmt":"2025-03-15T16:38:48","slug":"o-nasich-medvedech","status":"publish","type":"page","link":"https:\/\/blog.sy-sy.cz\/index.php\/o-nasich-medvedech\/","title":{"rendered":"O na\u0161ich medv\u011bdech"},"content":{"rendered":"<p>Na\u0161e medv\u011bd\u00ed sb\u00edrka se datuje od roku 1997. Od t\u00e9 doby se rozrostla na v\u00edce ne\u017e 200 ply\u0161\u00e1k\u016f i&nbsp;neply\u0161\u00e1k\u016f se kter\u00fdmi sd\u00edl\u00edme spole\u010dn\u00e9 doup\u011b aneb brloh. Sna\u017eili se n\u00e1m vloudit na na\u0161e hlavn\u00ed str\u00e1nky, ale nakonec jsme se rozhodli, \u017ee jim alespo\u0148 virtu\u00e1ln\u011b ponech\u00e1me trochu volnosti. V\u00edce o&nbsp;nich se tedy dozv\u00edte na str\u00e1nk\u00e1ch <a href=\"https:\/\/doudouetcomp.wordpress.com\/about\/\" target=\"_blank\" rel=\"noopener noreferrer\">Doudou a&nbsp;spol. aneb z&nbsp;m\u011bdv\u011bd\u00edho doup\u011bte<\/a>.<\/p>\n<p>Str\u00e1nky Doudou a&nbsp;spol. jsou a&nbsp;je\u0161t\u011b n\u011bjakou dobu budou ve v\u00fdstavb\u011b. Ve v\u00edce \u010di&nbsp;m\u00e9n\u011b rozpracovan\u00e9m stavu na nich najdete:<\/p>\n<ul>\n<li><a href=\"https:\/\/doudouetcomp.wordpress.com\/page\/\" target=\"_blank\" rel=\"noopener noreferrer\">Soupis medv\u011bd\u016f v&nbsp;doup\u011bti \u010dili brlohu<\/a><\/li>\n<li><a href=\"https:\/\/doudouetcomp.wordpress.com\/blog\/\" target=\"_blank\" rel=\"noopener noreferrer\">Medv\u011bd\u00ed blok aneb z\u00e1pisn\u00edk<\/a><\/li>\n<li><a href=\"https:\/\/doudouetcomp.wordpress.com\/medved-medvedu-vzorem\/\" target=\"_blank\" rel=\"noopener noreferrer\">P\u0159ehled Medv\u011bd medv\u011bdu vzorem<\/a>\u00a0aneb slavn\u00ed medv\u011bdi v&nbsp;literatu\u0159e, dramatu, filmu, hudb\u011b, v\u00fdtvarn\u00e9m um\u011bn\u00ed\u2026<\/li>\n<li><a href=\"https:\/\/doudouetcomp.wordpress.com\/literatura-a-prameny\/\" target=\"_blank\" rel=\"noopener noreferrer\">P\u0159ehled medv\u011bd\u00ed literatury a&nbsp;pramen\u016f<\/a><\/li>\n<li><a href=\"https:\/\/doudouetcomp.wordpress.com\/slovnicek\/\" target=\"_blank\" rel=\"noopener noreferrer\">Medv\u011bd\u00ed slovn\u00ed\u010dek<\/a><\/li>\n<\/ul>\n<p><iframe loading=\"lazy\" src=\"https:\/\/photo.sy-sy.cz\/photo\/embed\/embed.html?album=album_446f75646f75&amp;autoplay=1\" width=\"480\" height=\"320\" frameborder=\"0\"><\/iframe><\/p>\n<ul>\n<li><a href=\"https:\/\/photo.sy-sy.cz\/photo\/?t=Albums\/album_446f75646f75#Albums\/album_446f75646f75\" target=\"_blank\" rel=\"noopener\">Medv\u011bd\u00ed archiv<\/a><\/li>\n<\/ul>\n<p>Aktualizov\u00e1no <span class=\"last-modified-timestamp\">15\/03\/2025 17:38<\/span><\/p>\n","protected":false},"excerpt":{"rendered":"<p>Na\u0161e medv\u011bd\u00ed sb\u00edrka se datuje od roku 1997. Od t\u00e9 doby se rozrostla na v\u00edce ne\u017e 200 ply\u0161\u00e1k\u016f i&nbsp;neply\u0161\u00e1k\u016f se kter\u00fdmi sd\u00edl\u00edme spole\u010dn\u00e9 doup\u011b aneb brloh. Sna\u017eili se n\u00e1m vloudit [&hellip;]<\/p>\n","protected":false},"author":2,"featured_media":2158,"parent":0,"menu_order":25,"comment_status":"closed","ping_status":"closed","template":"","meta":{"jetpack_post_was_ever_published":false,"footnotes":""},"class_list":["post-2155","page","type-page","status-publish","has-post-thumbnail","hentry"],"jetpack_shortlink":"https:\/\/wp.me\/P91gAT-yL","jetpack-related-posts":[{"id":2125,"url":"https:\/\/blog.sy-sy.cz\/index.php\/zasady-ochrany-osobnich-udaju\/","url_meta":{"origin":2155,"position":0},"title":"Z\u00e1sady ochrany osobn\u00edch \u00fadaj\u016f","author":"Zuzana Syrov\u00e1 An\u00fd\u017eov\u00e1","date":"08\/06\/2018","format":false,"excerpt":"Kdo jsme Tento web\/blog provozuje: architektonick\u00e1 kancel\u00e1\u0159 Syrov\u00fd a Syrov\u00e1, architekti: Zuzana Syrov\u00e1 - An\u00fd\u017eov\u00e1 a Ji\u0159\u00ed Syrov\u00fd Kur\u0161ova 30, Brno. 63500 Adresa webu\/blogu je: https:\/\/blog.sy-sy.cz. Jak\u00e9 shroma\u017e\u010fujeme osobn\u00ed \u00fadaje a pro\u010d je shroma\u017e\u010fujeme Tento web slou\u017e\u00ed prezentaci \u010dinnosti na\u0161\u00ed architektonick\u00e9 kancel\u00e1\u0159e a souvisej\u00edc\u00edh aktivit.\u00a0 Shroma\u017e\u010fujeme zde pouze \u00fadaje nezbytn\u00e9\u2026","rel":"","context":"Podobn\u00fd p\u0159\u00edsp\u011bvek","block_context":{"text":"Podobn\u00fd p\u0159\u00edsp\u011bvek","link":""},"img":{"alt_text":"","src":"","width":0,"height":0},"classes":[]},{"id":739,"url":"https:\/\/blog.sy-sy.cz\/","url_meta":{"origin":2155,"position":1},"title":"\u00davod","author":"Zuzana Syrov\u00e1 An\u00fd\u017eov\u00e1","date":"03\/11\/2014","format":false,"excerpt":"Tyto str\u00e1nky jsou v\u011bnovan\u00e9 \u010dinnosti architektonick\u00e9 kancel\u00e1\u0159e Syrov\u00fd a Syrov\u00e1, architekti + souvisej\u00edc\u00edm aktivit\u00e1m: p\u0159edev\u0161\u00edm vernakul\u00e1rn\u00ed architektu\u0159e, hlin\u011bn\u00fdm konstrukc\u00edm, GIS, tedy temat\u016fm odborn\u00fdm, jim\u017e se v\u011bnujeme po v\u011bt\u0161inou ji\u017e od 80. let stolet\u00ed minul\u00e9ho a\u00a0nearchitektonick\u00e9mu tematu po\u0161tolek obecn\u00fdch, kter\u00e9\u017eto se n\u00e1m p\u0159ipletly do \u017eivota t\u00edm, \u017ee se us\u00eddlily v na\u0161\u00ed\u2026","rel":"","context":"Podobn\u00fd p\u0159\u00edsp\u011bvek","block_context":{"text":"Podobn\u00fd p\u0159\u00edsp\u011bvek","link":""},"img":{"alt_text":"","src":"https:\/\/i0.wp.com\/blog.sy-sy.cz\/wp-content\/uploads\/2014\/11\/DSC_9551-1-e1503569460360.jpg?fit=1038%2C690&ssl=1&resize=350%2C200","width":350,"height":200,"srcset":"https:\/\/i0.wp.com\/blog.sy-sy.cz\/wp-content\/uploads\/2014\/11\/DSC_9551-1-e1503569460360.jpg?fit=1038%2C690&ssl=1&resize=350%2C200 1x, https:\/\/i0.wp.com\/blog.sy-sy.cz\/wp-content\/uploads\/2014\/11\/DSC_9551-1-e1503569460360.jpg?fit=1038%2C690&ssl=1&resize=525%2C300 1.5x, https:\/\/i0.wp.com\/blog.sy-sy.cz\/wp-content\/uploads\/2014\/11\/DSC_9551-1-e1503569460360.jpg?fit=1038%2C690&ssl=1&resize=700%2C400 2x"},"classes":[]},{"id":53,"url":"https:\/\/blog.sy-sy.cz\/index.php\/o-hline\/","url_meta":{"origin":2155,"position":2},"title":"O hl\u00edn\u011b","author":"Zuzana Syrov\u00e1 An\u00fd\u017eov\u00e1","date":"03\/11\/2014","format":false,"excerpt":"Tematu architektury a konstrukc\u00ed z nep\u00e1len\u00e9 hl\u00edny se v\u011bnujeme od za\u010d\u00e1tku 80. let minul\u00e9ho stolet\u00ed. P\u0159ivedla n\u00e1s k n\u011bmu kniha V\u00e1clava Mencla Lidov\u00e1 architektura v \u010ceskoslovensku, d\u00edky n\u00ed\u017e jsme vyrazili na prvn\u00ed v\u00fdjezd do ter\u00e9nu na Slovensko, na Hont v roce 1980. Druhou kl\u00ed\u010dovou hlin\u011bnou knihou bylo Vajdi\u0161ovo a M\u00e1\u010delovo\u2026","rel":"","context":"Podobn\u00fd p\u0159\u00edsp\u011bvek","block_context":{"text":"Podobn\u00fd p\u0159\u00edsp\u011bvek","link":""},"img":{"alt_text":"","src":"https:\/\/i0.wp.com\/blog.sy-sy.cz\/wp-content\/uploads\/2014\/11\/416-01A_CB-1-e1503393034416.jpg?fit=1038%2C668&ssl=1&resize=350%2C200","width":350,"height":200,"srcset":"https:\/\/i0.wp.com\/blog.sy-sy.cz\/wp-content\/uploads\/2014\/11\/416-01A_CB-1-e1503393034416.jpg?fit=1038%2C668&ssl=1&resize=350%2C200 1x, https:\/\/i0.wp.com\/blog.sy-sy.cz\/wp-content\/uploads\/2014\/11\/416-01A_CB-1-e1503393034416.jpg?fit=1038%2C668&ssl=1&resize=525%2C300 1.5x, https:\/\/i0.wp.com\/blog.sy-sy.cz\/wp-content\/uploads\/2014\/11\/416-01A_CB-1-e1503393034416.jpg?fit=1038%2C668&ssl=1&resize=700%2C400 2x"},"classes":[]},{"id":370,"url":"https:\/\/blog.sy-sy.cz\/index.php\/o-hline\/publikace\/hlina-ve-stavebne-historickych-a-inventarizacnich-pruzkumech-sovamm\/","url_meta":{"origin":2155,"position":3},"title":"Hl\u00edna ve stavebn\u011b historick\u00fdch a&nbsp;inventariza\u010dn\u00edch pr\u016fzkumech SOVAMM","author":"Zuzana Syrov\u00e1 An\u00fd\u017eov\u00e1","date":"29\/12\/2014","format":false,"excerpt":"Spole\u010dnost pro obnovu vesnice a mal\u00e9ho m\u011bsta (SOVAMM) vznikla v roce 1990 jako z\u00e1jmov\u00e9 sdru\u017een\u00ed odborn\u00edk\u016f a z\u00e1jemc\u016f o venkovsk\u00e9 stavitelstv\u00ed. Vernakul\u00e1rn\u00ed (lidovou i stavitelskou) architekturou se zab\u00fdv\u00e1 i z pohledu konstrukc\u00ed a technologi\u00ed. Dlouhodob\u00fdm projektem SOVAMM je Atlas lidov\u00e9 architektury, jeho\u017e vznik umo\u017enily dva stejnojmenn\u00e9 grantov\u00e9 projekty (Ku\u010da &\u2026","rel":"","context":"Podobn\u00fd p\u0159\u00edsp\u011bvek","block_context":{"text":"Podobn\u00fd p\u0159\u00edsp\u011bvek","link":""},"img":{"alt_text":"","src":"https:\/\/i0.wp.com\/blog.sy-sy.cz\/wp-content\/uploads\/2014\/12\/01-1-e1503569600224.jpg?fit=1038%2C721&ssl=1&resize=350%2C200","width":350,"height":200,"srcset":"https:\/\/i0.wp.com\/blog.sy-sy.cz\/wp-content\/uploads\/2014\/12\/01-1-e1503569600224.jpg?fit=1038%2C721&ssl=1&resize=350%2C200 1x, https:\/\/i0.wp.com\/blog.sy-sy.cz\/wp-content\/uploads\/2014\/12\/01-1-e1503569600224.jpg?fit=1038%2C721&ssl=1&resize=525%2C300 1.5x, https:\/\/i0.wp.com\/blog.sy-sy.cz\/wp-content\/uploads\/2014\/12\/01-1-e1503569600224.jpg?fit=1038%2C721&ssl=1&resize=700%2C400 2x"},"classes":[]},{"id":3218,"url":"https:\/\/blog.sy-sy.cz\/index.php\/o-nas\/ing-arch-zuzana-syrova-anyzova\/","url_meta":{"origin":2155,"position":4},"title":"Ing. arch. Zuzana Syrov\u00e1 An\u00fd\u017eov\u00e1","author":"Zuzana Syrov\u00e1 An\u00fd\u017eov\u00e1","date":"15\/02\/2025","format":false,"excerpt":"Narozena 24.12.1956 v Brn\u011b. Vystudovala v letech 1975-1981 na VUT v Brn\u011b \u2013 obor architektura. V letech 1990 -1991 postgradu\u00e1ln\u00ed studium d\u011bjin architektury na Ecole d\u2019Architecture v Grenoblu (C.E.A.A. 1996). V roce 1992 absolvovala mezin\u00e1rodn\u00ed kurz se zam\u011b\u0159en\u00edm na hlin\u011bnou architekturu CRATerre\/ICCROM. V letech 1998 \u2013 1999 D.E.A. \u2013 Histoire\u2026","rel":"","context":"Podobn\u00fd p\u0159\u00edsp\u011bvek","block_context":{"text":"Podobn\u00fd p\u0159\u00edsp\u011bvek","link":""},"img":{"alt_text":"","src":"","width":0,"height":0},"classes":[]},{"id":2066,"url":"https:\/\/blog.sy-sy.cz\/index.php\/vystavy\/vystava-stavitel-josef-suta-1863-1941\/","url_meta":{"origin":2155,"position":5},"title":"V\u00fdstava Stavitel Josef \u0160uta (1863-1941)","author":"Zuzana Syrov\u00e1 An\u00fd\u017eov\u00e1","date":"01\/03\/2018","format":false,"excerpt":"V\u00fdstava Stavitel Josef \u0160uta (1863-1941), projekty a realizace \u2013 minulost a sou\u010dasnost se konala v Z\u00e1meck\u00e9 galerii v Uhersk\u00e9m Ostrohu ve dnech 16. z\u00e1\u0159\u00ed - 19. listopadu 2017.\u00a0 Prost\u0159ednictv\u00edm pl\u00e1n\u016f z let 1895 \u2013 1933 ze St\u00e1tn\u00edho okresn\u00edho archivu v Uhersk\u00e9m Hradi\u0161ti a osud\u016f realizovan\u00fdch staveb si m\u011bsto p\u0159ipomn\u011blo d\u00edlo\u2026","rel":"","context":"Podobn\u00fd p\u0159\u00edsp\u011bvek","block_context":{"text":"Podobn\u00fd p\u0159\u00edsp\u011bvek","link":""},"img":{"alt_text":"","src":"https:\/\/i0.wp.com\/blog.sy-sy.cz\/wp-content\/uploads\/2018\/03\/credits-212x300.jpg?resize=350%2C200&ssl=1","width":350,"height":200},"classes":[]}],"jetpack_sharing_enabled":true,"_links":{"self":[{"href":"https:\/\/blog.sy-sy.cz\/index.php\/wp-json\/wp\/v2\/pages\/2155","targetHints":{"allow":["GET"]}}],"collection":[{"href":"https:\/\/blog.sy-sy.cz\/index.php\/wp-json\/wp\/v2\/pages"}],"about":[{"href":"https:\/\/blog.sy-sy.cz\/index.php\/wp-json\/wp\/v2\/types\/page"}],"author":[{"embeddable":true,"href":"https:\/\/blog.sy-sy.cz\/index.php\/wp-json\/wp\/v2\/users\/2"}],"replies":[{"embeddable":true,"href":"https:\/\/blog.sy-sy.cz\/index.php\/wp-json\/wp\/v2\/comments?post=2155"}],"version-history":[{"count":3,"href":"https:\/\/blog.sy-sy.cz\/index.php\/wp-json\/wp\/v2\/pages\/2155\/revisions"}],"predecessor-version":[{"id":2997,"href":"https:\/\/blog.sy-sy.cz\/index.php\/wp-json\/wp\/v2\/pages\/2155\/revisions\/2997"}],"wp:featuredmedia":[{"embeddable":true,"href":"https:\/\/blog.sy-sy.cz\/index.php\/wp-json\/wp\/v2\/media\/2158"}],"wp:attachment":[{"href":"https:\/\/blog.sy-sy.cz\/index.php\/wp-json\/wp\/v2\/media?parent=2155"}],"curies":[{"name":"wp","href":"https:\/\/api.w.org\/{rel}","templated":true}]}}