{"id":2751,"date":"2021-07-18T09:19:14","date_gmt":"2021-07-18T07:19:14","guid":{"rendered":"https:\/\/blog.sy-sy.cz\/?page_id=2751"},"modified":"2026-02-24T07:32:24","modified_gmt":"2026-02-24T06:32:24","slug":"graficka-uprava-knih","status":"publish","type":"page","link":"https:\/\/blog.sy-sy.cz\/index.php\/graficka-uprava-knih\/","title":{"rendered":"Grafick\u00fd design"},"content":{"rendered":"<p><a href=\"https:\/\/www.sovamm.cz\/wordpress\/nejstarsi-venkovske-domy-ve-vychodnich-cechach\/\" target=\"_blank\" rel=\"noopener noreferrer\">\u0160KABRADA, Ji\u0159\u00ed, Zuzana SYROV\u00c1-AN\u00dd\u017dOV\u00c1, et al.<em> Nejstar\u0161\u00ed venkovsk\u00e9 domy ve v\u00fdchodn\u00edch \u010cech\u00e1ch<\/em><\/a>. Vyd\u00e1n\u00ed prvn\u00ed. Pardubice: Univerzita Pardubice, Fakulta filozofick\u00e1; Brno: Spole\u010dnost pro obnovu vesnice a\u00a0mal\u00e9ho m\u011bsta, z. s., 2018.\u00a0512 stran. ISBN 978-80-7560-126-1 (Univerzita Pardubice), 978-80-907440-0-4 (Spole\u010dnost pro obnovu vesnice a\u00a0mal\u00e9ho m\u011bsta, z. s.).<\/p>\n<a href=\"https:\/\/blog.sy-sy.cz\/wp-content\/uploads\/2019\/01\/NVD_2018_present_W2r.pdf\" class=\"pdfemb-viewer\" style=\"\" data-width=\"max\" data-height=\"max\" data-toolbar=\"bottom\" data-toolbar-fixed=\"off\">NVD_2018_present_W2r<\/a>\n<ul>\n<li><a href=\"https:\/\/blog.sy-sy.cz\/wp-content\/uploads\/2019\/01\/NVD_201812_vyber_W1rz.pdf\" target=\"_blank\" rel=\"noopener noreferrer\">Uk\u00e1zka PDF ke sta\u017een\u00ed<\/a><\/li>\n<\/ul>\n<p><a href=\"https:\/\/www.sovamm.cz\/wordpress\/lidova-architektura-v-jiznich-cechach\/\" target=\"_blank\" rel=\"noopener noreferrer\">\u0160KABRADA, Ji\u0159\u00ed a\u00a0kol. <em>Lidov\u00e1 architektura v\u00a0ji\u017en\u00edch \u010cech\u00e1ch<\/em><\/a>. Vyd\u00e1n\u00ed prvn\u00ed. Brno: Spole\u010dnost pro obnovu vesnice a\u00a0mal\u00e9ho m\u011bsta, z. s., 2021. ISBN 978-80-907440-1-1<br \/>\nVyd\u00e1n\u00ed druh\u00e9. Brno: Spole\u010dnost pro obnovu vesnice a\u00a0mal\u00e9ho m\u011bsta, z. s., 2021. ISBN 978-80-907440-2-8.<\/p>\n<a href=\"https:\/\/blog.sy-sy.cz\/wp-content\/uploads\/2021\/07\/JCLA_Prezent_Wr2.pdf\" class=\"pdfemb-viewer\" style=\"\" data-width=\"max\" data-height=\"max\" data-toolbar=\"bottom\" data-toolbar-fixed=\"off\">JCLA_Prezent_Wr2<\/a>\n<ul>\n<li><a href=\"https:\/\/blog.sy-sy.cz\/wp-content\/uploads\/2021\/07\/JCLA_Prezent_r.pdf\" target=\"_blank\" rel=\"noopener noreferrer\">Uk\u00e1zka PDF ke sta\u017een\u00ed<\/a><\/li>\n<\/ul>\n<p><a href=\"https:\/\/www.sovamm.cz\/wordpress\/macel-vajdis\/vystava-macel-vajdis\/\" target=\"_blank\" rel=\"noopener\"><i>Otakar M\u00e1\u010del &#8211; Jaroslav Vajdi\u0161: V\u00fdstava d\u00edla Otakara M\u00e1\u010dela a&nbsp;Jaroslava Vajdi\u0161e<\/i><\/a>. Brno: Spole\u010dnost pro obnovu vesnice a&nbsp;mal\u00e9ho m\u011bsta, z. s. 2021.<\/p>\n<a href=\"https:\/\/blog.sy-sy.cz\/wp-content\/uploads\/2021\/12\/letak_MV_2021-12-06-orezR.pdf\" class=\"pdfemb-viewer\" style=\"\" data-width=\"max\" data-height=\"max\" data-toolbar=\"bottom\" data-toolbar-fixed=\"off\">letak_MV_2021-12-06-orezR<\/a>\n<ul>\n<li><a href=\"https:\/\/blog.sy-sy.cz\/wp-content\/uploads\/2021\/12\/letak_MV_2021-12-06-orezR.pdf\" target=\"_blank\" rel=\"noopener\">Leaflet ke sta\u017een\u00ed<\/a><\/li>\n<\/ul>\n<p><a href=\"https:\/\/www.sovamm.cz\/wordpress\/nastin-vyvoje-vesnickych-pudorysu-a-pluzin-v-cechach\/\" target=\"_blank\" rel=\"noopener\">\u0160KABRADA, Ji\u0159\u00ed. <em>N\u00e1stin v\u00fdvoje vesnick\u00fdch p\u016fdorys\u016f a\u00a0plu\u017ein v\u00a0\u010cech\u00e1ch: K\u00a0v\u00fdpov\u011bdn\u00ed schopnosti map stabiln\u00edho katastru<\/em>.<\/a> Vyd\u00e1n\u00ed prvn\u00ed. Brno: Spole\u010dnost pro obnovu vesnice a\u00a0mal\u00e9ho m\u011bsta, z. s., 2022.\u00a0348 stran. ISBN 978-80-907440-3-5.<\/p>\n<a href=\"https:\/\/blog.sy-sy.cz\/wp-content\/uploads\/2022\/12\/NVVPP_SOVAMM_2022_presR.pdf\" class=\"pdfemb-viewer\" style=\"\" data-width=\"max\" data-height=\"max\" data-toolbar=\"bottom\" data-toolbar-fixed=\"off\">NVVPP_SOVAMM_2022_presR<\/a>\n<ul>\n<li><a href=\"https:\/\/www.sovamm.cz\/wordpress\/wp-content\/uploads\/2022\/12\/NVVPP_SOVAMM_2022_orezVr.pdf\" target=\"_blank\" rel=\"noopener\">Uk\u00e1zka PDF ke sta\u017een\u00ed<\/a><\/li>\n<\/ul>\n<p><a href=\"https:\/\/sovamm.cz\/wordpress\/vystavy\/vystava-bohumil-vavrousek-fotograf\/\" target=\"_blank\" rel=\"noopener\"><em>Bohumil Vavrou\u0161ek, fotograf. V\u00fdstava d\u00edla Bohumila Vavrou\u0161ka<\/em><\/a>. Brno: Spole\u010dnost pro obnovu vesnice a&nbsp;mal\u00e9ho m\u011bsta, z. s. 2025.<\/p>\n<a href=\"https:\/\/blog.sy-sy.cz\/wp-content\/uploads\/2025\/06\/letak_BV_2025-0517-0831_U120250423_orez_R.pdf\" class=\"pdfemb-viewer\" style=\"\" data-width=\"max\" data-height=\"max\" data-toolbar=\"bottom\" data-toolbar-fixed=\"off\">letak_BV_2025-0517-0831_U120250423_orez_R<\/a>\n<ul>\n<li><a href=\"https:\/\/blog.sy-sy.cz\/wp-content\/uploads\/2025\/06\/letak_BV_2025-0517-0831_U120250423_orez_R.pdf\" target=\"_blank\" rel=\"noopener\">Leaflet ke sta\u017een\u00ed<\/a><\/li>\n<\/ul>\n<p><a href=\"https:\/\/sovamm.cz\/wordpress\/vystavy\/historicka-architektura-nejen-lidova\/\" target=\"_blank\" rel=\"noopener\"><em>Historick\u00e1 architektura nejen lidov\u00e1. V\u00fdstava k&nbsp;\u017eivotn\u00edmu jubileu Ji\u0159\u00edho \u0160kabrady a&nbsp;v\u00fdro\u010d\u00ed narozen\u00ed Svatopluka Vod\u011bry<\/em><\/a>. Brno: Spole\u010dnost pro obnovu vesnice a&nbsp;mal\u00e9ho m\u011bsta, z. s. 2026.<\/p>\n<a href=\"https:\/\/blog.sy-sy.cz\/wp-content\/uploads\/2026\/02\/leaflet-V2.pdf\" class=\"pdfemb-viewer\" style=\"\" data-width=\"max\" data-height=\"max\" data-toolbar=\"bottom\" data-toolbar-fixed=\"off\">leaflet-V2<\/a>\n<ul>\n<li><a href=\"https:\/\/sovamm.cz\/wordpress\/wp-content\/uploads\/2026\/02\/leaflet-V2.pdf\" target=\"_blank\" rel=\"noopener\">Leaflet ke sta\u017een\u00ed<\/a><\/li>\n<\/ul>\n<p>Aktualizov\u00e1no <span class=\"last-modified-timestamp\">24\/02\/2026 07:32<\/span><\/p>\n","protected":false},"excerpt":{"rendered":"<p>\u0160KABRADA, Ji\u0159\u00ed, Zuzana SYROV\u00c1-AN\u00dd\u017dOV\u00c1, et al. Nejstar\u0161\u00ed venkovsk\u00e9 domy ve v\u00fdchodn\u00edch \u010cech\u00e1ch. Vyd\u00e1n\u00ed prvn\u00ed. Pardubice: Univerzita Pardubice, Fakulta filozofick\u00e1; Brno: Spole\u010dnost pro obnovu vesnice a\u00a0mal\u00e9ho m\u011bsta, z. s., 2018.\u00a0512 stran. [&hellip;]<\/p>\n","protected":false},"author":2,"featured_media":0,"parent":0,"menu_order":6,"comment_status":"closed","ping_status":"closed","template":"","meta":{"jetpack_post_was_ever_published":false,"footnotes":""},"class_list":["post-2751","page","type-page","status-publish","hentry"],"jetpack_shortlink":"https:\/\/wp.me\/P91gAT-In","jetpack-related-posts":[{"id":338,"url":"https:\/\/blog.sy-sy.cz\/index.php\/publikace\/","url_meta":{"origin":2751,"position":0},"title":"Publikace","author":"Zuzana Syrov\u00e1 An\u00fd\u017eov\u00e1","date":"29\/12\/2014","format":false,"excerpt":"\u0160KABRADA, Ji\u0159\u00ed a\u00a0SYROV\u00c1, Zuzana.\u00a0D\u016fm \u010dp.\u00a0171 v\u00a0\u010cist\u00e9 u\u00a0Litomy\u0161le. In:\u00a0Archaeologia historica\u00a014, 1989, s. 325\u2014336.\u00a0PDF EDEL Tom\u00e1\u0161, SYROV\u00c1 Zuzana, \u0160KABRADA Ji\u0159\u00ed, Strop jizby domu \u010dp. 33 v Kun\u011bjov\u011b (okres Jind\u0159ich\u016fv Hradec). Pam\u00e1tky a p\u0159\u00edroda 16, 1991, \u010d. 3, s. 153\u2014156. PDF SYROV\u00c1, Zuzana; SYROV\u00dd, Ji\u0159\u00ed: Od posledn\u00ed (?) jizby k prvn\u00ed (?) sv\u011btnici\u2026","rel":"","context":"Podobn\u00fd p\u0159\u00edsp\u011bvek","block_context":{"text":"Podobn\u00fd p\u0159\u00edsp\u011bvek","link":""},"img":{"alt_text":"","src":"","width":0,"height":0},"classes":[]},{"id":3212,"url":"https:\/\/blog.sy-sy.cz\/index.php\/o-nas\/ing-arch-jiri-syrovy\/","url_meta":{"origin":2751,"position":1},"title":"Ing. arch. Ji\u0159\u00ed Syrov\u00fd","author":"Zuzana Syrov\u00e1 An\u00fd\u017eov\u00e1","date":"15\/02\/2025","format":false,"excerpt":"Narozen 18. 9. 1955 v Brn\u011b. Vystudoval v letech 1975-1981 na VUT v Brn\u011b \u2013 obor architektura; v roce 1986 tamt\u00e9\u017e postgradu\u00e1ln\u00ed studium v oboru v\u00fdstavnitcv\u00ed. V letech 1990 -1991 postgradu\u00e1ln\u00ed studium d\u011bjin architektury na Ecole d\u2019Architecture v Grenoblu. Specializuje se na pr\u016fzkumy a obnovu pam\u00e1tek a prostorov\u00e9 pl\u00e1nov\u00e1n\u00ed. V\u2026","rel":"","context":"Podobn\u00fd p\u0159\u00edsp\u011bvek","block_context":{"text":"Podobn\u00fd p\u0159\u00edsp\u011bvek","link":""},"img":{"alt_text":"","src":"","width":0,"height":0},"classes":[]},{"id":370,"url":"https:\/\/blog.sy-sy.cz\/index.php\/o-hline\/publikace\/hlina-ve-stavebne-historickych-a-inventarizacnich-pruzkumech-sovamm\/","url_meta":{"origin":2751,"position":2},"title":"Hl\u00edna ve stavebn\u011b historick\u00fdch a&nbsp;inventariza\u010dn\u00edch pr\u016fzkumech SOVAMM","author":"Zuzana Syrov\u00e1 An\u00fd\u017eov\u00e1","date":"29\/12\/2014","format":false,"excerpt":"Spole\u010dnost pro obnovu vesnice a mal\u00e9ho m\u011bsta (SOVAMM) vznikla v roce 1990 jako z\u00e1jmov\u00e9 sdru\u017een\u00ed odborn\u00edk\u016f a z\u00e1jemc\u016f o venkovsk\u00e9 stavitelstv\u00ed. Vernakul\u00e1rn\u00ed (lidovou i stavitelskou) architekturou se zab\u00fdv\u00e1 i z pohledu konstrukc\u00ed a technologi\u00ed. Dlouhodob\u00fdm projektem SOVAMM je Atlas lidov\u00e9 architektury, jeho\u017e vznik umo\u017enily dva stejnojmenn\u00e9 grantov\u00e9 projekty (Ku\u010da &\u2026","rel":"","context":"Podobn\u00fd p\u0159\u00edsp\u011bvek","block_context":{"text":"Podobn\u00fd p\u0159\u00edsp\u011bvek","link":""},"img":{"alt_text":"","src":"https:\/\/i0.wp.com\/blog.sy-sy.cz\/wp-content\/uploads\/2014\/12\/01-1-e1503569600224.jpg?fit=1038%2C721&ssl=1&resize=350%2C200","width":350,"height":200,"srcset":"https:\/\/i0.wp.com\/blog.sy-sy.cz\/wp-content\/uploads\/2014\/12\/01-1-e1503569600224.jpg?fit=1038%2C721&ssl=1&resize=350%2C200 1x, https:\/\/i0.wp.com\/blog.sy-sy.cz\/wp-content\/uploads\/2014\/12\/01-1-e1503569600224.jpg?fit=1038%2C721&ssl=1&resize=525%2C300 1.5x, https:\/\/i0.wp.com\/blog.sy-sy.cz\/wp-content\/uploads\/2014\/12\/01-1-e1503569600224.jpg?fit=1038%2C721&ssl=1&resize=700%2C400 2x"},"classes":[]},{"id":3218,"url":"https:\/\/blog.sy-sy.cz\/index.php\/o-nas\/ing-arch-zuzana-syrova-anyzova\/","url_meta":{"origin":2751,"position":3},"title":"Ing. arch. Zuzana Syrov\u00e1 An\u00fd\u017eov\u00e1","author":"Zuzana Syrov\u00e1 An\u00fd\u017eov\u00e1","date":"15\/02\/2025","format":false,"excerpt":"Narozena 24.12.1956 v Brn\u011b. Vystudovala v letech 1975-1981 na VUT v Brn\u011b \u2013 obor architektura. V letech 1990 -1991 postgradu\u00e1ln\u00ed studium d\u011bjin architektury na Ecole d\u2019Architecture v Grenoblu (C.E.A.A. 1996). V roce 1992 absolvovala mezin\u00e1rodn\u00ed kurz se zam\u011b\u0159en\u00edm na hlin\u011bnou architekturu CRATerre\/ICCROM. V letech 1998 \u2013 1999 D.E.A. \u2013 Histoire\u2026","rel":"","context":"Podobn\u00fd p\u0159\u00edsp\u011bvek","block_context":{"text":"Podobn\u00fd p\u0159\u00edsp\u011bvek","link":""},"img":{"alt_text":"","src":"","width":0,"height":0},"classes":[]},{"id":342,"url":"https:\/\/blog.sy-sy.cz\/index.php\/o-gis-a-pagis\/publikace-o-gis-a-pagis\/","url_meta":{"origin":2751,"position":4},"title":"Publikace o&nbsp;GIS a&nbsp;PaGIS","author":"Zuzana Syrov\u00e1 An\u00fd\u017eov\u00e1","date":"29\/12\/2014","format":false,"excerpt":"SYROV\u00c1, Zuzana; SYROV\u00dd, Ji\u0159\u00ed: GIS pro SHP: Jedno\u00fa\u010delov\u00e1 po\u010d\u00edta\u010dov\u011b zpracovan\u00e1 dokumentace versus objektov\u011b orientovan\u00fd GIS | GIS f\u00fcr bauhistorische Untersuchungen. Die einem einzigen Zweck dienende computerbearbeitete Dokumentation versus objektorientiertes GIS. Svorn\u00edk, 4\/2006. ISBN 80-86562-07-7 |\u00a0 ISSN 1802-8128. PDF SYROV\u00c1, Zuzana; SYROV\u00dd, Ji\u0159\u00ed: \u00a0Stavebn\u011b - historick\u00fd pr\u016fzkum s\u00eddla a jeho zpracov\u00e1n\u00ed\u2026","rel":"","context":"Podobn\u00fd p\u0159\u00edsp\u011bvek","block_context":{"text":"Podobn\u00fd p\u0159\u00edsp\u011bvek","link":""},"img":{"alt_text":"","src":"","width":0,"height":0},"classes":[]},{"id":40,"url":"https:\/\/blog.sy-sy.cz\/index.php\/projekty-a-pruzkumy\/","url_meta":{"origin":2751,"position":5},"title":"Projekty a&nbsp;pr\u016fzkumy","author":"Zuzana Syrov\u00e1 An\u00fd\u017eov\u00e1","date":"03\/11\/2014","format":false,"excerpt":"inventariza\u010dn\u00ed pr\u016fzkumy lidov\u00e9 architektury Chr\u00e1n\u011bn\u00e9 krajinn\u00e9 oblasti Jesen\u00edky * N\u00e1rodn\u00edho parku Krkono\u0161e * N\u00e1rodn\u00edho parku Podyj\u00ed a jeho ochrann\u00e9ho p\u00e1sma * Chr\u00e1n\u011bn\u00e9 krajinn\u00e9 oblasti B\u00edl\u00e9 Karpaty pr\u016fzkumy pro projekty obnovy vesnice: MPR \u0160tramberk (NJ) * Sudom\u011b\u0159ice, Dambo\u0159ice, Petrov, N\u011bm\u010di\u010dky a Lipov (HO) * Sedlec a Hlohovec (BV) * Jarom\u011b\u0159ice, Rychnov\u2026","rel":"","context":"Podobn\u00fd p\u0159\u00edsp\u011bvek","block_context":{"text":"Podobn\u00fd p\u0159\u00edsp\u011bvek","link":""},"img":{"alt_text":"","src":"","width":0,"height":0},"classes":[]}],"jetpack_sharing_enabled":true,"_links":{"self":[{"href":"https:\/\/blog.sy-sy.cz\/index.php\/wp-json\/wp\/v2\/pages\/2751","targetHints":{"allow":["GET"]}}],"collection":[{"href":"https:\/\/blog.sy-sy.cz\/index.php\/wp-json\/wp\/v2\/pages"}],"about":[{"href":"https:\/\/blog.sy-sy.cz\/index.php\/wp-json\/wp\/v2\/types\/page"}],"author":[{"embeddable":true,"href":"https:\/\/blog.sy-sy.cz\/index.php\/wp-json\/wp\/v2\/users\/2"}],"replies":[{"embeddable":true,"href":"https:\/\/blog.sy-sy.cz\/index.php\/wp-json\/wp\/v2\/comments?post=2751"}],"version-history":[{"count":5,"href":"https:\/\/blog.sy-sy.cz\/index.php\/wp-json\/wp\/v2\/pages\/2751\/revisions"}],"predecessor-version":[{"id":3740,"href":"https:\/\/blog.sy-sy.cz\/index.php\/wp-json\/wp\/v2\/pages\/2751\/revisions\/3740"}],"wp:attachment":[{"href":"https:\/\/blog.sy-sy.cz\/index.php\/wp-json\/wp\/v2\/media?parent=2751"}],"curies":[{"name":"wp","href":"https:\/\/api.w.org\/{rel}","templated":true}]}}