{"id":38,"date":"2014-11-03T19:35:58","date_gmt":"2014-11-03T17:35:58","guid":{"rendered":"http:\/\/sy-sy.synology.me\/wordpress\/?page_id=38"},"modified":"2025-11-08T20:03:07","modified_gmt":"2025-11-08T19:03:07","slug":"o-nasich-postolkach","status":"publish","type":"page","link":"https:\/\/blog.sy-sy.cz\/index.php\/o-nasich-postolkach\/","title":{"rendered":"O &#8222;na\u0161ich&#8220; po\u0161tolk\u00e1ch"},"content":{"rendered":"<p>Od roku 2007 hn\u00edzd\u00ed v&nbsp;na\u0161\u00ed lod\u017eii, hned za okny pracovny, po\u0161tolky.<\/p>\n<p style=\"text-align: left;\">V\u0161emu s&nbsp;nimi spojen\u00e9mu (i&nbsp;na\u0161im dal\u0161\u00edm zv\u00ed\u0159ec\u00edm n\u00e1jemn\u00edk\u016fm a&nbsp;n\u00e1v\u0161t\u011bvn\u00edk\u016fm) je v\u011bnov\u00e1n blog: <a title=\"O my\u0161\u00edch a po\u0161tolk\u00e1ch\" href=\"https:\/\/tinnunculus.sy-sy.cz\" target=\"_blank\" rel=\"noopener noreferrer\">O my\u0161\u00edch a&nbsp;po\u0161tolk\u00e1ch<\/a>. Jeho zjednodu\u0161enou z\u00e1lohu v&nbsp;p\u0159\u00edpad\u011b v\u00fdpadku najdete <a href=\"https:\/\/opostolkach.blogspot.com\/\" target=\"_blank\" rel=\"noopener noreferrer\">zde<\/a>.<br \/>\n\u017div\u00fd p\u0159enos spolu s&nbsp;aktu\u00e1ln\u00edmi informacemi o&nbsp;pr\u016fb\u011bhu sez\u00f3ny najdete <a title=\"hn\u00edzdo v p\u0159\u00edm\u00e9m p\u0159enosu\" href=\"https:\/\/tinnunculus.sy-sy.cz\/index.php\/v-primem-prenosu\/\" target=\"_blank\" rel=\"noopener noreferrer\">zde<\/a>. Testujeme rovn\u011b\u017e \u017eiv\u00e9 vys\u00edl\u00e1n\u00ed na na\u0161em po\u0161tol\u010d\u00edm YouTube kan\u00e1lu\u00a0<a href=\"https:\/\/www.youtube.com\/channel\/UCx1tb6S-HFz_XUyk2bGxavw\" target=\"_blank\" rel=\"noopener\">Falco tinnunculus brunensis<\/a>.<\/p>\n<p><iframe loading=\"lazy\" src=\"https:\/\/photo.sy-sy.cz\/photo\/embed\/embed.html?album=album_706f73746f6c652f746f707477&amp;autoplay=1\" width=\"480\" height=\"320\" frameborder=\"0\"><\/iframe><\/p>\n<ul>\n<li><a href=\"https:\/\/photo.sy-sy.cz\/photo\/?t=category_5#category_5\" target=\"_blank\" rel=\"noopener\">Foto a&nbsp;videoarchiv<\/a><\/li>\n<li><a href=\"https:\/\/blog.sy-sy.cz\/index.php\/o-nasich-postolkach\/youtube-zive-vysilani\/\">YouTube \u017eiv\u00e9 vys\u00edl\u00e1n\u00ed<\/a><\/li>\n<\/ul>\n<p>&nbsp;<\/p>\n<p>Aktualizov\u00e1no <span class=\"last-modified-timestamp\">08\/11\/2025 20:03<\/span><\/p>\n","protected":false},"excerpt":{"rendered":"<p>Od roku 2007 hn\u00edzd\u00ed v&nbsp;na\u0161\u00ed lod\u017eii, hned za okny pracovny, po\u0161tolky. V\u0161emu s&nbsp;nimi spojen\u00e9mu (i&nbsp;na\u0161im dal\u0161\u00edm zv\u00ed\u0159ec\u00edm n\u00e1jemn\u00edk\u016fm a&nbsp;n\u00e1v\u0161t\u011bvn\u00edk\u016fm) je v\u011bnov\u00e1n blog: O&nbsp;my\u0161\u00edch a&nbsp;po\u0161tolk\u00e1ch. Jeho zjednodu\u0161enou z\u00e1lohu v&nbsp;p\u0159\u00edpad\u011b v\u00fdpadku [&hellip;]<\/p>\n","protected":false},"author":2,"featured_media":60,"parent":0,"menu_order":20,"comment_status":"closed","ping_status":"closed","template":"","meta":{"jetpack_post_was_ever_published":false,"footnotes":""},"class_list":["post-38","page","type-page","status-publish","has-post-thumbnail","hentry"],"jetpack_shortlink":"https:\/\/wp.me\/P91gAT-C","jetpack-related-posts":[{"id":127,"url":"https:\/\/blog.sy-sy.cz\/index.php\/o-gis-a-pagis\/","url_meta":{"origin":38,"position":0},"title":"O GIS a&nbsp;PaGIS","author":"Zuzana Syrov\u00e1 An\u00fd\u017eov\u00e1","date":"06\/11\/2014","format":false,"excerpt":"Pokud netu\u0161\u00edte, co je GIS nebo PaGIS, nezoufejte, str\u00e1nka bude d\u0159\u00edve \u010di pozd\u011bji aktualizov\u00e1na. A je\u0161t\u011b je tu blog\/blok p\u0159\u00edmo GIS a p\u0159edev\u0161\u00edm PaGIS v\u011bnovan\u00fd: Pro(Pa)GIS. V\u00fdb\u011br z toho, co jsme na toto t\u00e9ma publikovali najdete zde. \u00a0 Aktualizov\u00e1no","rel":"","context":"Podobn\u00fd p\u0159\u00edsp\u011bvek","block_context":{"text":"Podobn\u00fd p\u0159\u00edsp\u011bvek","link":""},"img":{"alt_text":"Stavebn\u011b historick\u00fd pr\u016fzkum NP Podyj\u00ed a jeho ochrann\u00e9ho p\u00e1sma \u00a9 ing.arch.Ji\u00f8\u00ed Syrov\u00fd & ing.arch.Zuzana Syrov\u00e1, ing.arch.Petr Dost\u00e1l 1996-97","src":"https:\/\/i0.wp.com\/blog.sy-sy.cz\/wp-content\/uploads\/2014\/11\/Popice_cb_150-1-e1503569435238.jpg?fit=1038%2C774&ssl=1&resize=350%2C200","width":350,"height":200,"srcset":"https:\/\/i0.wp.com\/blog.sy-sy.cz\/wp-content\/uploads\/2014\/11\/Popice_cb_150-1-e1503569435238.jpg?fit=1038%2C774&ssl=1&resize=350%2C200 1x, https:\/\/i0.wp.com\/blog.sy-sy.cz\/wp-content\/uploads\/2014\/11\/Popice_cb_150-1-e1503569435238.jpg?fit=1038%2C774&ssl=1&resize=525%2C300 1.5x, https:\/\/i0.wp.com\/blog.sy-sy.cz\/wp-content\/uploads\/2014\/11\/Popice_cb_150-1-e1503569435238.jpg?fit=1038%2C774&ssl=1&resize=700%2C400 2x"},"classes":[]},{"id":2125,"url":"https:\/\/blog.sy-sy.cz\/index.php\/zasady-ochrany-osobnich-udaju\/","url_meta":{"origin":38,"position":1},"title":"Z\u00e1sady ochrany osobn\u00edch \u00fadaj\u016f","author":"Zuzana Syrov\u00e1 An\u00fd\u017eov\u00e1","date":"08\/06\/2018","format":false,"excerpt":"Kdo jsme Tento web\/blog provozuje: architektonick\u00e1 kancel\u00e1\u0159 Syrov\u00fd a Syrov\u00e1, architekti: Zuzana Syrov\u00e1 - An\u00fd\u017eov\u00e1 a Ji\u0159\u00ed Syrov\u00fd Kur\u0161ova 30, Brno. 63500 Adresa webu\/blogu je: https:\/\/blog.sy-sy.cz. Jak\u00e9 shroma\u017e\u010fujeme osobn\u00ed \u00fadaje a pro\u010d je shroma\u017e\u010fujeme Tento web slou\u017e\u00ed prezentaci \u010dinnosti na\u0161\u00ed architektonick\u00e9 kancel\u00e1\u0159e a souvisej\u00edc\u00edh aktivit.\u00a0 Shroma\u017e\u010fujeme zde pouze \u00fadaje nezbytn\u00e9\u2026","rel":"","context":"Podobn\u00fd p\u0159\u00edsp\u011bvek","block_context":{"text":"Podobn\u00fd p\u0159\u00edsp\u011bvek","link":""},"img":{"alt_text":"","src":"","width":0,"height":0},"classes":[]},{"id":53,"url":"https:\/\/blog.sy-sy.cz\/index.php\/o-hline\/","url_meta":{"origin":38,"position":2},"title":"O hl\u00edn\u011b","author":"Zuzana Syrov\u00e1 An\u00fd\u017eov\u00e1","date":"03\/11\/2014","format":false,"excerpt":"Tematu architektury a konstrukc\u00ed z nep\u00e1len\u00e9 hl\u00edny se v\u011bnujeme od za\u010d\u00e1tku 80. let minul\u00e9ho stolet\u00ed. P\u0159ivedla n\u00e1s k n\u011bmu kniha V\u00e1clava Mencla Lidov\u00e1 architektura v \u010ceskoslovensku, d\u00edky n\u00ed\u017e jsme vyrazili na prvn\u00ed v\u00fdjezd do ter\u00e9nu na Slovensko, na Hont v roce 1980. Druhou kl\u00ed\u010dovou hlin\u011bnou knihou bylo Vajdi\u0161ovo a M\u00e1\u010delovo\u2026","rel":"","context":"Podobn\u00fd p\u0159\u00edsp\u011bvek","block_context":{"text":"Podobn\u00fd p\u0159\u00edsp\u011bvek","link":""},"img":{"alt_text":"","src":"https:\/\/i0.wp.com\/blog.sy-sy.cz\/wp-content\/uploads\/2014\/11\/416-01A_CB-1-e1503393034416.jpg?fit=1038%2C668&ssl=1&resize=350%2C200","width":350,"height":200,"srcset":"https:\/\/i0.wp.com\/blog.sy-sy.cz\/wp-content\/uploads\/2014\/11\/416-01A_CB-1-e1503393034416.jpg?fit=1038%2C668&ssl=1&resize=350%2C200 1x, https:\/\/i0.wp.com\/blog.sy-sy.cz\/wp-content\/uploads\/2014\/11\/416-01A_CB-1-e1503393034416.jpg?fit=1038%2C668&ssl=1&resize=525%2C300 1.5x, https:\/\/i0.wp.com\/blog.sy-sy.cz\/wp-content\/uploads\/2014\/11\/416-01A_CB-1-e1503393034416.jpg?fit=1038%2C668&ssl=1&resize=700%2C400 2x"},"classes":[]},{"id":32,"url":"https:\/\/blog.sy-sy.cz\/index.php\/o-nas\/","url_meta":{"origin":38,"position":3},"title":"O n\u00e1s","author":"Zuzana Syrov\u00e1 An\u00fd\u017eov\u00e1","date":"03\/11\/2014","format":false,"excerpt":"Specializujeme se na \u00fazemn\u00ed a regula\u010dn\u00ed pl\u00e1ny, stavebn\u011b historick\u00e9 pr\u016fzkumy a souvisej\u00edc\u00ed projekty obnovy, stavebn\u011b historick\u00e9 a inventariza\u010dn\u00ed pr\u016fzkumy s\u00eddel a \u00fazem\u00ed, GIS. Syrov\u00fd a Syrov\u00e1, architekti v datech: 1980 - za\u010d\u00e1tek spolupr\u00e1ce (sout\u011b\u017ee, pr\u016fzkumy lidov\u00e9 \/ vernakul\u00e1rn\u00ed architektury) 1990 - zalo\u017een\u00ed architektonick\u00e9 kancel\u00e1\u0159e 1994 - za\u010d\u00e1tek v\u00fdvoje GIS pro\u2026","rel":"","context":"Podobn\u00fd p\u0159\u00edsp\u011bvek","block_context":{"text":"Podobn\u00fd p\u0159\u00edsp\u011bvek","link":""},"img":{"alt_text":"","src":"https:\/\/i0.wp.com\/blog.sy-sy.cz\/wp-content\/uploads\/2019\/01\/Addiss_19910411_02oBW-e1546423847515.jpg?fit=1038%2C766&ssl=1&resize=350%2C200","width":350,"height":200,"srcset":"https:\/\/i0.wp.com\/blog.sy-sy.cz\/wp-content\/uploads\/2019\/01\/Addiss_19910411_02oBW-e1546423847515.jpg?fit=1038%2C766&ssl=1&resize=350%2C200 1x, https:\/\/i0.wp.com\/blog.sy-sy.cz\/wp-content\/uploads\/2019\/01\/Addiss_19910411_02oBW-e1546423847515.jpg?fit=1038%2C766&ssl=1&resize=525%2C300 1.5x, https:\/\/i0.wp.com\/blog.sy-sy.cz\/wp-content\/uploads\/2019\/01\/Addiss_19910411_02oBW-e1546423847515.jpg?fit=1038%2C766&ssl=1&resize=700%2C400 2x"},"classes":[]},{"id":2155,"url":"https:\/\/blog.sy-sy.cz\/index.php\/o-nasich-medvedech\/","url_meta":{"origin":38,"position":4},"title":"O na\u0161ich medv\u011bdech","author":"Zuzana Syrov\u00e1 An\u00fd\u017eov\u00e1","date":"20\/07\/2018","format":false,"excerpt":"Na\u0161e medv\u011bd\u00ed sb\u00edrka se datuje od roku 1997. Od t\u00e9 doby se rozrostla na v\u00edce ne\u017e 200 ply\u0161\u00e1k\u016f i neply\u0161\u00e1k\u016f se kter\u00fdmi sd\u00edl\u00edme spole\u010dn\u00e9 doup\u011b aneb brloh. Sna\u017eili se n\u00e1m vloudit na na\u0161e hlavn\u00ed str\u00e1nky, ale nakonec jsme se rozhodli, \u017ee jim alespo\u0148 virtu\u00e1ln\u011b ponech\u00e1me trochu volnosti. V\u00edce o nich\u2026","rel":"","context":"Podobn\u00fd p\u0159\u00edsp\u011bvek","block_context":{"text":"Podobn\u00fd p\u0159\u00edsp\u011bvek","link":""},"img":{"alt_text":"","src":"https:\/\/i0.wp.com\/blog.sy-sy.cz\/wp-content\/uploads\/2018\/07\/DSCN5164-sy-e1532103393866.jpg?fit=1038%2C779&ssl=1&resize=350%2C200","width":350,"height":200,"srcset":"https:\/\/i0.wp.com\/blog.sy-sy.cz\/wp-content\/uploads\/2018\/07\/DSCN5164-sy-e1532103393866.jpg?fit=1038%2C779&ssl=1&resize=350%2C200 1x, https:\/\/i0.wp.com\/blog.sy-sy.cz\/wp-content\/uploads\/2018\/07\/DSCN5164-sy-e1532103393866.jpg?fit=1038%2C779&ssl=1&resize=525%2C300 1.5x, https:\/\/i0.wp.com\/blog.sy-sy.cz\/wp-content\/uploads\/2018\/07\/DSCN5164-sy-e1532103393866.jpg?fit=1038%2C779&ssl=1&resize=700%2C400 2x"},"classes":[]},{"id":338,"url":"https:\/\/blog.sy-sy.cz\/index.php\/publikace\/","url_meta":{"origin":38,"position":5},"title":"Publikace","author":"Zuzana Syrov\u00e1 An\u00fd\u017eov\u00e1","date":"29\/12\/2014","format":false,"excerpt":"\u0160KABRADA, Ji\u0159\u00ed a\u00a0SYROV\u00c1, Zuzana.\u00a0D\u016fm \u010dp.\u00a0171 v\u00a0\u010cist\u00e9 u\u00a0Litomy\u0161le. In:\u00a0Archaeologia historica\u00a014, 1989, s. 325\u2014336.\u00a0PDF EDEL Tom\u00e1\u0161, SYROV\u00c1 Zuzana, \u0160KABRADA Ji\u0159\u00ed, Strop jizby domu \u010dp. 33 v Kun\u011bjov\u011b (okres Jind\u0159ich\u016fv Hradec). Pam\u00e1tky a p\u0159\u00edroda 16, 1991, \u010d. 3, s. 153\u2014156. PDF SYROV\u00c1, Zuzana; SYROV\u00dd, Ji\u0159\u00ed: Od posledn\u00ed (?) jizby k prvn\u00ed (?) sv\u011btnici\u2026","rel":"","context":"Podobn\u00fd p\u0159\u00edsp\u011bvek","block_context":{"text":"Podobn\u00fd p\u0159\u00edsp\u011bvek","link":""},"img":{"alt_text":"","src":"","width":0,"height":0},"classes":[]}],"jetpack_sharing_enabled":true,"_links":{"self":[{"href":"https:\/\/blog.sy-sy.cz\/index.php\/wp-json\/wp\/v2\/pages\/38","targetHints":{"allow":["GET"]}}],"collection":[{"href":"https:\/\/blog.sy-sy.cz\/index.php\/wp-json\/wp\/v2\/pages"}],"about":[{"href":"https:\/\/blog.sy-sy.cz\/index.php\/wp-json\/wp\/v2\/types\/page"}],"author":[{"embeddable":true,"href":"https:\/\/blog.sy-sy.cz\/index.php\/wp-json\/wp\/v2\/users\/2"}],"replies":[{"embeddable":true,"href":"https:\/\/blog.sy-sy.cz\/index.php\/wp-json\/wp\/v2\/comments?post=38"}],"version-history":[{"count":3,"href":"https:\/\/blog.sy-sy.cz\/index.php\/wp-json\/wp\/v2\/pages\/38\/revisions"}],"predecessor-version":[{"id":3523,"href":"https:\/\/blog.sy-sy.cz\/index.php\/wp-json\/wp\/v2\/pages\/38\/revisions\/3523"}],"wp:featuredmedia":[{"embeddable":true,"href":"https:\/\/blog.sy-sy.cz\/index.php\/wp-json\/wp\/v2\/media\/60"}],"wp:attachment":[{"href":"https:\/\/blog.sy-sy.cz\/index.php\/wp-json\/wp\/v2\/media?parent=38"}],"curies":[{"name":"wp","href":"https:\/\/api.w.org\/{rel}","templated":true}]}}