{"id":451,"date":"2015-02-08T15:54:30","date_gmt":"2015-02-08T13:54:30","guid":{"rendered":"http:\/\/sy-sy.synology.me\/?page_id=451"},"modified":"2020-06-20T06:35:27","modified_gmt":"2020-06-20T04:35:27","slug":"stavebne-historicky-a-urbanisticko-historicky-vyzkum-np-podyji-a-jeho-op","status":"publish","type":"page","link":"https:\/\/blog.sy-sy.cz\/index.php\/projekty-a-pruzkumy\/stavebne-historicky-a-urbanisticko-historicky-vyzkum-np-podyji-a-jeho-op\/","title":{"rendered":"Stavebn\u011b historick\u00fd a&nbsp;urbanisticko historick\u00fd v\u00fdzkum NP Podyj\u00ed a&nbsp;jeho OP"},"content":{"rendered":"<p>Projekt SOVAMM <strong>Stavebn\u011b historick\u00fd a&nbsp;urbanisticko historick\u00fd v\u00fdzkum NP Podyj\u00ed a&nbsp;jeho OP \u2013 modelov\u00fd p\u0159\u00edklad GIS a&nbsp;syst\u00e9mu urbanistick\u00e9 stability<\/strong> (1996-1997, MK0\/PK):<\/p>\n<ul>\n<li><a href=\"http:\/\/sovamm.cz\/PDFs\/Podyji\/GIS1_97.PDF#pagemode=bookmarks&amp;page=1\" target=\"_blank\" rel=\"noopener noreferrer\">Prezentace projektu &#8211; zpracov\u00e1n\u00ed s\u00eddla (p\u0159\u00edklad Popice)<\/a>\u00a0<a href=\"https:\/\/sovamm.cz\/PDFs\/Podyji\/GIS1_97_Fr.PDF#pagemode=bookmarks&amp;page=1\" target=\"_blank\" rel=\"noopener noreferrer\"> (version FR)<br \/>\n<\/a><\/p>\n<ul>\n<li><a href=\"http:\/\/sovamm.cz\/PDFs\/Podyji\/POPICE.PDF#pagemode=bookmarks&amp;page=1\" target=\"_blank\" rel=\"noopener noreferrer\">Popice &#8211; katalog objekt\u016f<\/a><\/li>\n<\/ul>\n<\/li>\n<li><a href=\"http:\/\/sovamm.cz\/PDFs\/Podyji\/GIS2_97.PDF#pagemode=bookmarks&amp;page=1\" target=\"_blank\" rel=\"noopener noreferrer\">Prezentace projektu &#8211; zpracov\u00e1n\u00ed SHP objektu (p\u0159\u00edklad Lusthaus, \u010c\u00ed\u017eov)<\/a><\/li>\n<\/ul>\n<p><img data-recalc-dims=\"1\" loading=\"lazy\" decoding=\"async\" data-attachment-id=\"452\" data-permalink=\"https:\/\/blog.sy-sy.cz\/index.php\/projekty-a-pruzkumy\/stavebne-historicky-a-urbanisticko-historicky-vyzkum-np-podyji-a-jeho-op\/podyji_97_stranka_1\/\" data-orig-file=\"https:\/\/i0.wp.com\/blog.sy-sy.cz\/wp-content\/uploads\/2015\/02\/Podyji_97_Str%C3%A1nka_1-1-e1503569733951.jpg?fit=1047%2C1038&amp;ssl=1\" data-orig-size=\"1047,1038\" data-comments-opened=\"1\" data-image-meta=\"{&quot;aperture&quot;:&quot;0&quot;,&quot;credit&quot;:&quot;&quot;,&quot;camera&quot;:&quot;&quot;,&quot;caption&quot;:&quot;&quot;,&quot;created_timestamp&quot;:&quot;0&quot;,&quot;copyright&quot;:&quot;&quot;,&quot;focal_length&quot;:&quot;0&quot;,&quot;iso&quot;:&quot;0&quot;,&quot;shutter_speed&quot;:&quot;0&quot;,&quot;title&quot;:&quot;&quot;,&quot;orientation&quot;:&quot;0&quot;}\" data-image-title=\"Podyji_97_Str\u00e1nka_1\" data-image-description=\"\" data-image-caption=\"\" data-large-file=\"https:\/\/i0.wp.com\/blog.sy-sy.cz\/wp-content\/uploads\/2015\/02\/Podyji_97_Str%C3%A1nka_1-1-e1503569733951.jpg?fit=625%2C620&amp;ssl=1\" class=\"size-medium wp-image-452 aligncenter\" src=\"https:\/\/i0.wp.com\/blog.sy-sy.cz\/wp-content\/uploads\/2015\/02\/Podyji_97_Str%C3%A1nka_1-1.jpg?resize=300%2C297&#038;ssl=1\" alt=\"Podyji_97_Str\u00e1nka_1\" width=\"300\" height=\"297\" \/><\/p>\n","protected":false},"excerpt":{"rendered":"<p>Projekt SOVAMM Stavebn\u011b historick\u00fd a&nbsp;urbanisticko historick\u00fd v\u00fdzkum NP Podyj\u00ed a&nbsp;jeho OP \u2013 modelov\u00fd p\u0159\u00edklad GIS a&nbsp;syst\u00e9mu urbanistick\u00e9 stability (1996-1997, MK0\/PK): Prezentace projektu &#8211; zpracov\u00e1n\u00ed s\u00eddla (p\u0159\u00edklad Popice)\u00a0 (version FR) Popice [&hellip;]<\/p>\n","protected":false},"author":2,"featured_media":454,"parent":40,"menu_order":0,"comment_status":"closed","ping_status":"closed","template":"","meta":{"jetpack_post_was_ever_published":false,"footnotes":""},"class_list":["post-451","page","type-page","status-publish","has-post-thumbnail","hentry"],"jetpack_shortlink":"https:\/\/wp.me\/P91gAT-7h","jetpack-related-posts":[{"id":40,"url":"https:\/\/blog.sy-sy.cz\/index.php\/projekty-a-pruzkumy\/","url_meta":{"origin":451,"position":0},"title":"Projekty a&nbsp;pr\u016fzkumy","author":"Zuzana Syrov\u00e1 An\u00fd\u017eov\u00e1","date":"03\/11\/2014","format":false,"excerpt":"inventariza\u010dn\u00ed pr\u016fzkumy lidov\u00e9 architektury Chr\u00e1n\u011bn\u00e9 krajinn\u00e9 oblasti Jesen\u00edky * N\u00e1rodn\u00edho parku Krkono\u0161e * N\u00e1rodn\u00edho parku Podyj\u00ed a jeho ochrann\u00e9ho p\u00e1sma * Chr\u00e1n\u011bn\u00e9 krajinn\u00e9 oblasti B\u00edl\u00e9 Karpaty pr\u016fzkumy pro projekty obnovy vesnice: MPR \u0160tramberk (NJ) * Sudom\u011b\u0159ice, Dambo\u0159ice, Petrov, N\u011bm\u010di\u010dky a Lipov (HO) * Sedlec a Hlohovec (BV) * Jarom\u011b\u0159ice, Rychnov\u2026","rel":"","context":"Podobn\u00fd p\u0159\u00edsp\u011bvek","block_context":{"text":"Podobn\u00fd p\u0159\u00edsp\u011bvek","link":""},"img":{"alt_text":"","src":"","width":0,"height":0},"classes":[]},{"id":370,"url":"https:\/\/blog.sy-sy.cz\/index.php\/o-hline\/publikace\/hlina-ve-stavebne-historickych-a-inventarizacnich-pruzkumech-sovamm\/","url_meta":{"origin":451,"position":1},"title":"Hl\u00edna ve stavebn\u011b historick\u00fdch a&nbsp;inventariza\u010dn\u00edch pr\u016fzkumech SOVAMM","author":"Zuzana Syrov\u00e1 An\u00fd\u017eov\u00e1","date":"29\/12\/2014","format":false,"excerpt":"Spole\u010dnost pro obnovu vesnice a mal\u00e9ho m\u011bsta (SOVAMM) vznikla v roce 1990 jako z\u00e1jmov\u00e9 sdru\u017een\u00ed odborn\u00edk\u016f a z\u00e1jemc\u016f o venkovsk\u00e9 stavitelstv\u00ed. Vernakul\u00e1rn\u00ed (lidovou i stavitelskou) architekturou se zab\u00fdv\u00e1 i z pohledu konstrukc\u00ed a technologi\u00ed. Dlouhodob\u00fdm projektem SOVAMM je Atlas lidov\u00e9 architektury, jeho\u017e vznik umo\u017enily dva stejnojmenn\u00e9 grantov\u00e9 projekty (Ku\u010da &\u2026","rel":"","context":"Podobn\u00fd p\u0159\u00edsp\u011bvek","block_context":{"text":"Podobn\u00fd p\u0159\u00edsp\u011bvek","link":""},"img":{"alt_text":"","src":"https:\/\/i0.wp.com\/blog.sy-sy.cz\/wp-content\/uploads\/2014\/12\/01-1-e1503569600224.jpg?fit=1038%2C721&ssl=1&resize=350%2C200","width":350,"height":200,"srcset":"https:\/\/i0.wp.com\/blog.sy-sy.cz\/wp-content\/uploads\/2014\/12\/01-1-e1503569600224.jpg?fit=1038%2C721&ssl=1&resize=350%2C200 1x, https:\/\/i0.wp.com\/blog.sy-sy.cz\/wp-content\/uploads\/2014\/12\/01-1-e1503569600224.jpg?fit=1038%2C721&ssl=1&resize=525%2C300 1.5x, https:\/\/i0.wp.com\/blog.sy-sy.cz\/wp-content\/uploads\/2014\/12\/01-1-e1503569600224.jpg?fit=1038%2C721&ssl=1&resize=700%2C400 2x"},"classes":[]},{"id":127,"url":"https:\/\/blog.sy-sy.cz\/index.php\/o-gis-a-pagis\/","url_meta":{"origin":451,"position":2},"title":"O GIS a&nbsp;PaGIS","author":"Zuzana Syrov\u00e1 An\u00fd\u017eov\u00e1","date":"06\/11\/2014","format":false,"excerpt":"Pokud netu\u0161\u00edte, co je GIS nebo PaGIS, nezoufejte, str\u00e1nka bude d\u0159\u00edve \u010di pozd\u011bji aktualizov\u00e1na. A je\u0161t\u011b je tu blog\/blok p\u0159\u00edmo GIS a p\u0159edev\u0161\u00edm PaGIS v\u011bnovan\u00fd: Pro(Pa)GIS. V\u00fdb\u011br z toho, co jsme na toto t\u00e9ma publikovali najdete zde. \u00a0 Aktualizov\u00e1no","rel":"","context":"Podobn\u00fd p\u0159\u00edsp\u011bvek","block_context":{"text":"Podobn\u00fd p\u0159\u00edsp\u011bvek","link":""},"img":{"alt_text":"Stavebn\u011b historick\u00fd pr\u016fzkum NP Podyj\u00ed a jeho ochrann\u00e9ho p\u00e1sma \u00a9 ing.arch.Ji\u00f8\u00ed Syrov\u00fd & ing.arch.Zuzana Syrov\u00e1, ing.arch.Petr Dost\u00e1l 1996-97","src":"https:\/\/i0.wp.com\/blog.sy-sy.cz\/wp-content\/uploads\/2014\/11\/Popice_cb_150-1-e1503569435238.jpg?fit=1038%2C774&ssl=1&resize=350%2C200","width":350,"height":200,"srcset":"https:\/\/i0.wp.com\/blog.sy-sy.cz\/wp-content\/uploads\/2014\/11\/Popice_cb_150-1-e1503569435238.jpg?fit=1038%2C774&ssl=1&resize=350%2C200 1x, https:\/\/i0.wp.com\/blog.sy-sy.cz\/wp-content\/uploads\/2014\/11\/Popice_cb_150-1-e1503569435238.jpg?fit=1038%2C774&ssl=1&resize=525%2C300 1.5x, https:\/\/i0.wp.com\/blog.sy-sy.cz\/wp-content\/uploads\/2014\/11\/Popice_cb_150-1-e1503569435238.jpg?fit=1038%2C774&ssl=1&resize=700%2C400 2x"},"classes":[]},{"id":342,"url":"https:\/\/blog.sy-sy.cz\/index.php\/o-gis-a-pagis\/publikace-o-gis-a-pagis\/","url_meta":{"origin":451,"position":3},"title":"Publikace o&nbsp;GIS a&nbsp;PaGIS","author":"Zuzana Syrov\u00e1 An\u00fd\u017eov\u00e1","date":"29\/12\/2014","format":false,"excerpt":"SYROV\u00c1, Zuzana; SYROV\u00dd, Ji\u0159\u00ed: GIS pro SHP: Jedno\u00fa\u010delov\u00e1 po\u010d\u00edta\u010dov\u011b zpracovan\u00e1 dokumentace versus objektov\u011b orientovan\u00fd GIS | GIS f\u00fcr bauhistorische Untersuchungen. Die einem einzigen Zweck dienende computerbearbeitete Dokumentation versus objektorientiertes GIS. Svorn\u00edk, 4\/2006. ISBN 80-86562-07-7 |\u00a0 ISSN 1802-8128. PDF SYROV\u00c1, Zuzana; SYROV\u00dd, Ji\u0159\u00ed: \u00a0Stavebn\u011b - historick\u00fd pr\u016fzkum s\u00eddla a jeho zpracov\u00e1n\u00ed\u2026","rel":"","context":"Podobn\u00fd p\u0159\u00edsp\u011bvek","block_context":{"text":"Podobn\u00fd p\u0159\u00edsp\u011bvek","link":""},"img":{"alt_text":"","src":"","width":0,"height":0},"classes":[]},{"id":795,"url":"https:\/\/blog.sy-sy.cz\/index.php\/projekty-a-pruzkumy\/shp-lysovice\/","url_meta":{"origin":451,"position":4},"title":"SHP Lysovice","author":"Zuzana Syrov\u00e1 An\u00fd\u017eov\u00e1","date":"04\/09\/2016","format":false,"excerpt":"Lysovice (Vy\u0161kov), s\u00eddeln\u011b historick\u00fd pr\u016fzkum 1997 \/ (s Janem O. Eli\u00e1\u0161em) \/ investor: OkU Vy\u0161kov * P\u0159eveden\u00ed ti\u0161t\u011bn\u00e9 podoby SHP do dokument\u016f PDF a GIS ArcView \/ ArcExplorer 2000 Tituln\u00ed strana Textov\u00e1 \u010d\u00e1st Katalog objekt\u016f Obrazov\u00e9 p\u0159\u00edlohy Grafick\u00e1 \u010d\u00e1st * GIS data dostupn\u00e1 na CD N150SYSY2000 SYROV\u00c1, Zuzana; SYROV\u00dd, Ji\u0159\u00ed:\u2026","rel":"","context":"S 1 koment\u00e1\u0159em","block_context":{"text":"S 1 koment\u00e1\u0159em","link":"https:\/\/blog.sy-sy.cz\/index.php\/projekty-a-pruzkumy\/shp-lysovice\/#comments"},"img":{"alt_text":"LEYD06_","src":"https:\/\/i0.wp.com\/blog.sy-sy.cz\/wp-content\/uploads\/2016\/09\/LEYD06_-1-300x202.jpg?resize=350%2C200&ssl=1","width":350,"height":200},"classes":[]},{"id":2681,"url":"https:\/\/blog.sy-sy.cz\/index.php\/projekty-a-pruzkumy\/shp-uhersky-ostroh\/","url_meta":{"origin":451,"position":5},"title":"SHP Uhersk\u00fd Ostroh","author":"Zuzana Syrov\u00e1 An\u00fd\u017eov\u00e1","date":"15\/07\/2020","format":false,"excerpt":"Uhersk\u00fd Ostroh (Uhersk\u00e9 Hradi\u0161t\u011b), s\u00eddeln\u011b historick\u00fd pr\u016fzkum MPZ a p\u0159edm\u011bstsk\u00fdch \u010d\u00e1st\u00ed 1993 \/ (s Janem O. Eli\u00e1\u0161em) \/ investor: MU Uhersk\u00fd Ostroh Textov\u00e1 \u010d\u00e1st sv. I (Obsah \/ \u00davodn\u00ed pozn\u00e1mka \/ P\u0159ehled stavebn\u011b historick\u00e9ho a architektonick\u00e9ho v\u00fdvoje \/ Mapy a pl\u00e1ny \/ Literatura \/ Historick\u00e1 pl\u00e1nov\u00e1 dokumentace (stavebn\u00ed pl\u00e1ny)) Textov\u00e1\u2026","rel":"","context":"Podobn\u00fd p\u0159\u00edsp\u011bvek","block_context":{"text":"Podobn\u00fd p\u0159\u00edsp\u011bvek","link":""},"img":{"alt_text":"","src":"https:\/\/i0.wp.com\/blog.sy-sy.cz\/wp-content\/uploads\/2020\/07\/0008345-300x201.jpg?resize=350%2C200&ssl=1","width":350,"height":200},"classes":[]}],"jetpack_sharing_enabled":true,"_links":{"self":[{"href":"https:\/\/blog.sy-sy.cz\/index.php\/wp-json\/wp\/v2\/pages\/451","targetHints":{"allow":["GET"]}}],"collection":[{"href":"https:\/\/blog.sy-sy.cz\/index.php\/wp-json\/wp\/v2\/pages"}],"about":[{"href":"https:\/\/blog.sy-sy.cz\/index.php\/wp-json\/wp\/v2\/types\/page"}],"author":[{"embeddable":true,"href":"https:\/\/blog.sy-sy.cz\/index.php\/wp-json\/wp\/v2\/users\/2"}],"replies":[{"embeddable":true,"href":"https:\/\/blog.sy-sy.cz\/index.php\/wp-json\/wp\/v2\/comments?post=451"}],"version-history":[{"count":3,"href":"https:\/\/blog.sy-sy.cz\/index.php\/wp-json\/wp\/v2\/pages\/451\/revisions"}],"predecessor-version":[{"id":2617,"href":"https:\/\/blog.sy-sy.cz\/index.php\/wp-json\/wp\/v2\/pages\/451\/revisions\/2617"}],"up":[{"embeddable":true,"href":"https:\/\/blog.sy-sy.cz\/index.php\/wp-json\/wp\/v2\/pages\/40"}],"wp:featuredmedia":[{"embeddable":true,"href":"https:\/\/blog.sy-sy.cz\/index.php\/wp-json\/wp\/v2\/media\/454"}],"wp:attachment":[{"href":"https:\/\/blog.sy-sy.cz\/index.php\/wp-json\/wp\/v2\/media?parent=451"}],"curies":[{"name":"wp","href":"https:\/\/api.w.org\/{rel}","templated":true}]}}