{"id":73,"date":"2014-11-04T22:41:42","date_gmt":"2014-11-04T20:41:42","guid":{"rendered":"http:\/\/sy-sy.synology.me\/?page_id=73"},"modified":"2025-06-17T09:09:32","modified_gmt":"2025-06-17T07:09:32","slug":"o-nasich-pamatkach","status":"publish","type":"page","link":"https:\/\/blog.sy-sy.cz\/index.php\/o-nasich-pamatkach\/","title":{"rendered":"O na\u0161ich pam\u00e1tk\u00e1ch"},"content":{"rendered":"<p>Koudeln\u00edk\u016fv syn m\u011bl v&nbsp;Praze t\u0159i domy. My m\u00e1me dva mimo Prahu:<\/p>\n<p><strong>Usedlost \u010dp.&nbsp;171 v&nbsp;\u010cist\u00e9 u&nbsp;Litomy\u0161le<\/strong><br \/>\n<img data-recalc-dims=\"1\" loading=\"lazy\" decoding=\"async\" data-attachment-id=\"2628\" data-permalink=\"https:\/\/blog.sy-sy.cz\/p1250952-3\/\" data-orig-file=\"https:\/\/i0.wp.com\/blog.sy-sy.cz\/wp-content\/uploads\/2020\/06\/P1250952-scaled-e1592630966891.jpg?fit=692%2C448&amp;ssl=1\" data-orig-size=\"692,448\" data-comments-opened=\"1\" data-image-meta=\"{&quot;aperture&quot;:&quot;3.3&quot;,&quot;credit&quot;:&quot;&quot;,&quot;camera&quot;:&quot;DMC-TZ20&quot;,&quot;caption&quot;:&quot;&quot;,&quot;created_timestamp&quot;:&quot;1431169568&quot;,&quot;copyright&quot;:&quot;&quot;,&quot;focal_length&quot;:&quot;4.3&quot;,&quot;iso&quot;:&quot;100&quot;,&quot;shutter_speed&quot;:&quot;0.01&quot;,&quot;title&quot;:&quot;&quot;,&quot;orientation&quot;:&quot;1&quot;}\" data-image-title=\"P1250952\" data-image-description=\"\" data-image-caption=\"\" data-large-file=\"https:\/\/i0.wp.com\/blog.sy-sy.cz\/wp-content\/uploads\/2020\/06\/P1250952-scaled-e1592630966891.jpg?fit=625%2C405&amp;ssl=1\" class=\"alignleft wp-image-2628\" src=\"https:\/\/i0.wp.com\/blog.sy-sy.cz\/wp-content\/uploads\/2020\/06\/P1250952-scaled-e1592630966891-300x194.jpg?resize=150%2C97&#038;ssl=1\" alt=\"\" width=\"150\" height=\"97\" srcset=\"https:\/\/i0.wp.com\/blog.sy-sy.cz\/wp-content\/uploads\/2020\/06\/P1250952-scaled-e1592630966891.jpg?resize=300%2C194&amp;ssl=1 300w, https:\/\/i0.wp.com\/blog.sy-sy.cz\/wp-content\/uploads\/2020\/06\/P1250952-scaled-e1592630966891.jpg?resize=624%2C404&amp;ssl=1 624w, https:\/\/i0.wp.com\/blog.sy-sy.cz\/wp-content\/uploads\/2020\/06\/P1250952-scaled-e1592630966891.jpg?w=692&amp;ssl=1 692w\" sizes=\"auto, (max-width: 150px) 100vw, 150px\" \/>Po demolic\u00edch po&nbsp;r. 1945 vlastn\u011b ji\u017e jen \u010d\u00e1st usedlosti. D\u016fm s&nbsp;v\u00fdjime\u010dn\u011b v&nbsp;\u00faplnosti dochovanou obytnou m\u00edstnost\u00ed typu st\u0159edov\u011bk\u00e9 dymn\u00e9 jizby (v\u010detn\u011b vn\u011bj\u0161\u00ed hlin\u011bn\u00e9 omaz\u00e1vky) a&nbsp;krovem ze stejn\u00e9 stavebn\u00ed etapy (dnes nejstar\u0161\u00edm zn\u00e1m\u00fdm ve vesnick\u00e9 stavb\u011b u&nbsp;n\u00e1s) dendrochronologicky datovan\u00fdmi 1583; na po\u010d\u00e1tku 18.&nbsp;stolet\u00ed dobudovan\u00fd do podoby tehdy modern\u00edch dom\u016f ve specifick\u00e9 region\u00e1ln\u00ed variant\u011b, kombinuj\u00edc\u00ed jednopodla\u017en\u00ed obytnou \u010d\u00e1st s&nbsp;patrovou hospod\u00e1\u0159skou \u010d\u00e1st\u00ed s&nbsp;pavla\u010d\u00ed.<\/p>\n<ul>\n<li><a href=\"https:\/\/sovamm.cz\/PDFs\/Lauterbach\/Syrovy_al_1996.pdf#pagemode=bookmarks&amp;page=1\" target=\"_blank\" rel=\"noopener noreferrer\">Projekt obnovy<\/a> * <a href=\"https:\/\/sovamm.cz\/PDFs\/Lauterbach\/HLINA.PDF#pagemode=bookmarks&amp;page=1\" target=\"_blank\" rel=\"noopener noreferrer\">Hlin\u011bn\u00e9 malty a&nbsp;omaz\u00e1vky<\/a><\/li>\n<li style=\"text-align: left;\"><a href=\"https:\/\/sovamm.cz\/PDFs\/Lauterbach\/text_shp.pdf#pagemode=bookmarks&amp;page=1\" target=\"_blank\" rel=\"noopener noreferrer\">Stavebn\u011b historick\u00fd pr\u016fzkum<\/a> * <a href=\"https:\/\/sovamm.cz\/PDFs\/Lauterbach\/foto.pdf#pagemode=bookmarks&amp;page=1\" target=\"_blank\" rel=\"noopener noreferrer\">Fotodokumentace<\/a> * <a href=\"https:\/\/sovamm.cz\/PDFs\/Lauterbach\/archeo.pdf#pagemode=bookmarks&amp;page=1\" target=\"_blank\" rel=\"noopener noreferrer\">Archeologie<\/a> * <a href=\"https:\/\/sovamm.cz\/PDFs\/Lauterbach\/dendro.pdf#pagemode=bookmarks&amp;page=1\" target=\"_blank\" rel=\"noopener noreferrer\">Dendrochrologie<\/a> * <a href=\"https:\/\/sovamm.cz\/PDFs\/Lauterbach\/shp.pdf#pagemode=bookmarks&amp;page=1\" target=\"_blank\" rel=\"noopener noreferrer\">Grafick\u00e1 \u010d\u00e1st pr\u016fzkumu<\/a><\/li>\n<li><a href=\"https:\/\/blog.sy-sy.cz\/index.php\/o-nasich-pamatkach\/terra-incognita-award-2011\/\">Terra Incognita Award 2011<\/a><\/li>\n<li style=\"text-align: left;\"><a href=\"https:\/\/blog.sy-sy.cz\/index.php\/category\/nase-domy\/cista-171\/\">P\u0159\u00edsp\u011bvky v&nbsp;bloku<\/a><\/li>\n<\/ul>\n<p><strong>D\u016fm \u010dp.&nbsp;310 ve \u0160luknov\u011b<\/strong><br \/>\n<img data-recalc-dims=\"1\" loading=\"lazy\" decoding=\"async\" data-attachment-id=\"2625\" data-permalink=\"https:\/\/blog.sy-sy.cz\/index.php\/o-nasich-pamatkach\/sluknov-cp-310-z-pruceli-svetnice\/\" data-orig-file=\"https:\/\/i0.wp.com\/blog.sy-sy.cz\/wp-content\/uploads\/2020\/06\/%C5%A0luknov-%C4%8Dp.310-Z-pr%C5%AF%C4%8Del%C3%AD-sv%C4%9Btnice-e1592629606881.jpg?fit=1038%2C672&amp;ssl=1\" data-orig-size=\"1038,672\" data-comments-opened=\"1\" data-image-meta=\"{&quot;aperture&quot;:&quot;0&quot;,&quot;credit&quot;:&quot;&quot;,&quot;camera&quot;:&quot;&quot;,&quot;caption&quot;:&quot;&quot;,&quot;created_timestamp&quot;:&quot;0&quot;,&quot;copyright&quot;:&quot;&quot;,&quot;focal_length&quot;:&quot;0&quot;,&quot;iso&quot;:&quot;0&quot;,&quot;shutter_speed&quot;:&quot;0&quot;,&quot;title&quot;:&quot;&quot;,&quot;orientation&quot;:&quot;0&quot;}\" data-image-title=\"\u0160luknov &amp;#8211; \u010dp.310 &amp;#8211; Z pr\u016f\u010del\u00ed &amp;#8211; sv\u011btnice\" data-image-description=\"\" data-image-caption=\"\" data-large-file=\"https:\/\/i0.wp.com\/blog.sy-sy.cz\/wp-content\/uploads\/2020\/06\/%C5%A0luknov-%C4%8Dp.310-Z-pr%C5%AF%C4%8Del%C3%AD-sv%C4%9Btnice-e1592629606881.jpg?fit=625%2C405&amp;ssl=1\" class=\"alignleft wp-image-2625\" src=\"https:\/\/i0.wp.com\/blog.sy-sy.cz\/wp-content\/uploads\/2020\/06\/%C5%A0luknov-%C4%8Dp.310-Z-pr%C5%AF%C4%8Del%C3%AD-sv%C4%9Btnice.jpg?resize=150%2C97&#038;ssl=1\" alt=\"\" width=\"150\" height=\"97\" \/>P\u0159\u00edzemn\u00ed rouben\u00fd, \u010d\u00e1ste\u010dn\u011b hr\u00e1zd\u011bn\u00fd d\u016fm z&nbsp;80.&nbsp;let 18.&nbsp;stolet\u00ed s&nbsp;dochovan\u00fdm d\u0159evohlin\u011bn\u00fdm kom\u00ednem.<\/p>\n<p>&nbsp;<\/p>\n<p>&nbsp;<\/p>\n<ul>\n<li><a href=\"https:\/\/sovamm.cz\/PDFs\/Sluknov\/Sluknov310_zamereni.pdf#pagemode=bookmarks&amp;page=1\" target=\"_blank\" rel=\"noopener noreferrer\">Zam\u011b\u0159en\u00ed<\/a><\/li>\n<li><a title=\"Archivn\u00ed re\u0161er\u0161e\" href=\"https:\/\/sovamm.cz\/PDFs\/Sluknov\/Sluknov310_dejiny.pdf#pagemode=bookmarks&amp;page=1\" target=\"_blank\" rel=\"noopener noreferrer\">Archivn\u00ed re\u0161er\u0161e<\/a><\/li>\n<li><a href=\"https:\/\/sovamm.cz\/PDFs\/Sluknov\/2016_071-Sluknov-cp_310.pdf#pagemode=bookmarks&amp;page=1\" target=\"_blank\" rel=\"noopener noreferrer\">Dendrochronologie<\/a><\/li>\n<\/ul>\n<p>&nbsp;<\/p>\n<p>Aktualizov\u00e1no <span class=\"last-modified-timestamp\">17\/06\/2025 09:09<\/span><\/p>\n","protected":false},"excerpt":{"rendered":"<p>Koudeln\u00edk\u016fv syn m\u011bl v&nbsp;Praze t\u0159i domy. My m\u00e1me dva mimo Prahu: Usedlost \u010dp.&nbsp;171 v&nbsp;\u010cist\u00e9 u&nbsp;Litomy\u0161le Po&nbsp;demolic\u00edch po&nbsp;r. 1945 vlastn\u011b ji\u017e jen \u010d\u00e1st usedlosti. D\u016fm s&nbsp;v\u00fdjime\u010dn\u011b v&nbsp;\u00faplnosti dochovanou obytnou m\u00edstnost\u00ed [&hellip;]<\/p>\n","protected":false},"author":2,"featured_media":72,"parent":0,"menu_order":12,"comment_status":"closed","ping_status":"closed","template":"","meta":{"jetpack_post_was_ever_published":false,"footnotes":""},"class_list":["post-73","page","type-page","status-publish","has-post-thumbnail","hentry"],"jetpack_shortlink":"https:\/\/wp.me\/P91gAT-1b","jetpack-related-posts":[{"id":370,"url":"https:\/\/blog.sy-sy.cz\/index.php\/o-hline\/publikace\/hlina-ve-stavebne-historickych-a-inventarizacnich-pruzkumech-sovamm\/","url_meta":{"origin":73,"position":0},"title":"Hl\u00edna ve stavebn\u011b historick\u00fdch a&nbsp;inventariza\u010dn\u00edch pr\u016fzkumech SOVAMM","author":"Zuzana Syrov\u00e1 An\u00fd\u017eov\u00e1","date":"29\/12\/2014","format":false,"excerpt":"Spole\u010dnost pro obnovu vesnice a mal\u00e9ho m\u011bsta (SOVAMM) vznikla v roce 1990 jako z\u00e1jmov\u00e9 sdru\u017een\u00ed odborn\u00edk\u016f a z\u00e1jemc\u016f o venkovsk\u00e9 stavitelstv\u00ed. Vernakul\u00e1rn\u00ed (lidovou i stavitelskou) architekturou se zab\u00fdv\u00e1 i z pohledu konstrukc\u00ed a technologi\u00ed. Dlouhodob\u00fdm projektem SOVAMM je Atlas lidov\u00e9 architektury, jeho\u017e vznik umo\u017enily dva stejnojmenn\u00e9 grantov\u00e9 projekty (Ku\u010da &\u2026","rel":"","context":"Podobn\u00fd p\u0159\u00edsp\u011bvek","block_context":{"text":"Podobn\u00fd p\u0159\u00edsp\u011bvek","link":""},"img":{"alt_text":"","src":"https:\/\/i0.wp.com\/blog.sy-sy.cz\/wp-content\/uploads\/2014\/12\/01-1-e1503569600224.jpg?fit=1038%2C721&ssl=1&resize=350%2C200","width":350,"height":200,"srcset":"https:\/\/i0.wp.com\/blog.sy-sy.cz\/wp-content\/uploads\/2014\/12\/01-1-e1503569600224.jpg?fit=1038%2C721&ssl=1&resize=350%2C200 1x, https:\/\/i0.wp.com\/blog.sy-sy.cz\/wp-content\/uploads\/2014\/12\/01-1-e1503569600224.jpg?fit=1038%2C721&ssl=1&resize=525%2C300 1.5x, https:\/\/i0.wp.com\/blog.sy-sy.cz\/wp-content\/uploads\/2014\/12\/01-1-e1503569600224.jpg?fit=1038%2C721&ssl=1&resize=700%2C400 2x"},"classes":[]},{"id":44,"url":"https:\/\/blog.sy-sy.cz\/index.php\/o-hline\/publikace\/","url_meta":{"origin":73,"position":1},"title":"Publikace o&nbsp;hl\u00edn\u011b","author":"Zuzana Syrov\u00e1 An\u00fd\u017eov\u00e1","date":"03\/11\/2014","format":false,"excerpt":"Syrov\u00e1, Z. & Syrov\u00fd, J. 1992. Hlin\u011bn\u00e1 architektura ve Francii. In Zpr\u00e1vy pam\u00e1tkov\u00e9 p\u00e9\u010de 1992\/52, 7: 4\u2013\u201315. Syrov\u00e1 Z., 1993, Renouveau des villages en terre en Moravie, in Comunica\u00e7\u00f5es - 7a confer\u00eancia internacional sobre o estudo e conserva\u00e7\u00e3o da architectura de terra, Lisboa, DGEMN, 237\u2013\u2013243 (PDF) Syrov\u00e1 Z. & Syrov\u00fd\u2026","rel":"","context":"Podobn\u00fd p\u0159\u00edsp\u011bvek","block_context":{"text":"Podobn\u00fd p\u0159\u00edsp\u011bvek","link":""},"img":{"alt_text":"","src":"","width":0,"height":0},"classes":[]},{"id":3362,"url":"https:\/\/blog.sy-sy.cz\/index.php\/o-nasich-pamatkach\/terra-incognita-award-2011\/","url_meta":{"origin":73,"position":2},"title":"Terra Incognita Award 2011","author":"Zuzana Syrov\u00e1 An\u00fd\u017eov\u00e1","date":"17\/06\/2025","format":false,"excerpt":"V roce 2011 se na\u0161\u00ed usedlosti \u010dp. 171 v \u010cist\u00e9 dostalo d\u00edky dochovan\u00fdm hlin\u011bn\u00fdm omaz\u00e1vk\u00e1m dymn\u00e9 jizby ocen\u011bn\u00ed Outstanding Earthen Architecture in Europe (V\u00fdjime\u010dn\u00e1 hlin\u011bn\u00e1 architektura v Evrop\u011b) v r\u00e1mci projektu Terra Inkognita, kulturn\u00edho programu Evropsk\u00e9 unie, jeho\u017e c\u00edlem bylo uchov\u00e1n\u00ed, propagace a rozvoj hlin\u011bn\u00e9 architektury v Evrop\u011b. Download","rel":"","context":"Podobn\u00fd p\u0159\u00edsp\u011bvek","block_context":{"text":"Podobn\u00fd p\u0159\u00edsp\u011bvek","link":""},"img":{"alt_text":"","src":"https:\/\/i0.wp.com\/blog.sy-sy.cz\/wp-content\/uploads\/2025\/06\/Terra_Incognita_Award_2011-2.jpg?fit=1200%2C600&ssl=1&resize=350%2C200","width":350,"height":200,"srcset":"https:\/\/i0.wp.com\/blog.sy-sy.cz\/wp-content\/uploads\/2025\/06\/Terra_Incognita_Award_2011-2.jpg?fit=1200%2C600&ssl=1&resize=350%2C200 1x, https:\/\/i0.wp.com\/blog.sy-sy.cz\/wp-content\/uploads\/2025\/06\/Terra_Incognita_Award_2011-2.jpg?fit=1200%2C600&ssl=1&resize=525%2C300 1.5x, https:\/\/i0.wp.com\/blog.sy-sy.cz\/wp-content\/uploads\/2025\/06\/Terra_Incognita_Award_2011-2.jpg?fit=1200%2C600&ssl=1&resize=700%2C400 2x, https:\/\/i0.wp.com\/blog.sy-sy.cz\/wp-content\/uploads\/2025\/06\/Terra_Incognita_Award_2011-2.jpg?fit=1200%2C600&ssl=1&resize=1050%2C600 3x"},"classes":[]},{"id":40,"url":"https:\/\/blog.sy-sy.cz\/index.php\/projekty-a-pruzkumy\/","url_meta":{"origin":73,"position":3},"title":"Projekty a&nbsp;pr\u016fzkumy","author":"Zuzana Syrov\u00e1 An\u00fd\u017eov\u00e1","date":"03\/11\/2014","format":false,"excerpt":"inventariza\u010dn\u00ed pr\u016fzkumy lidov\u00e9 architektury Chr\u00e1n\u011bn\u00e9 krajinn\u00e9 oblasti Jesen\u00edky * N\u00e1rodn\u00edho parku Krkono\u0161e * N\u00e1rodn\u00edho parku Podyj\u00ed a jeho ochrann\u00e9ho p\u00e1sma * Chr\u00e1n\u011bn\u00e9 krajinn\u00e9 oblasti B\u00edl\u00e9 Karpaty pr\u016fzkumy pro projekty obnovy vesnice: MPR \u0160tramberk (NJ) * Sudom\u011b\u0159ice, Dambo\u0159ice, Petrov, N\u011bm\u010di\u010dky a Lipov (HO) * Sedlec a Hlohovec (BV) * Jarom\u011b\u0159ice, Rychnov\u2026","rel":"","context":"Podobn\u00fd p\u0159\u00edsp\u011bvek","block_context":{"text":"Podobn\u00fd p\u0159\u00edsp\u011bvek","link":""},"img":{"alt_text":"","src":"","width":0,"height":0},"classes":[]},{"id":3218,"url":"https:\/\/blog.sy-sy.cz\/index.php\/o-nas\/ing-arch-zuzana-syrova-anyzova\/","url_meta":{"origin":73,"position":4},"title":"Ing. arch. Zuzana Syrov\u00e1 An\u00fd\u017eov\u00e1","author":"Zuzana Syrov\u00e1 An\u00fd\u017eov\u00e1","date":"15\/02\/2025","format":false,"excerpt":"Narozena 24.12.1956 v Brn\u011b. Vystudovala v letech 1975-1981 na VUT v Brn\u011b \u2013 obor architektura. V letech 1990 -1991 postgradu\u00e1ln\u00ed studium d\u011bjin architektury na Ecole d\u2019Architecture v Grenoblu (C.E.A.A. 1996). V roce 1992 absolvovala mezin\u00e1rodn\u00ed kurz se zam\u011b\u0159en\u00edm na hlin\u011bnou architekturu CRATerre\/ICCROM. V letech 1998 \u2013 1999 D.E.A. \u2013 Histoire\u2026","rel":"","context":"Podobn\u00fd p\u0159\u00edsp\u011bvek","block_context":{"text":"Podobn\u00fd p\u0159\u00edsp\u011bvek","link":""},"img":{"alt_text":"","src":"","width":0,"height":0},"classes":[]},{"id":2066,"url":"https:\/\/blog.sy-sy.cz\/index.php\/vystavy\/vystava-stavitel-josef-suta-1863-1941\/","url_meta":{"origin":73,"position":5},"title":"V\u00fdstava Stavitel Josef \u0160uta (1863-1941)","author":"Zuzana Syrov\u00e1 An\u00fd\u017eov\u00e1","date":"01\/03\/2018","format":false,"excerpt":"V\u00fdstava Stavitel Josef \u0160uta (1863-1941), projekty a realizace \u2013 minulost a sou\u010dasnost se konala v Z\u00e1meck\u00e9 galerii v Uhersk\u00e9m Ostrohu ve dnech 16. z\u00e1\u0159\u00ed - 19. listopadu 2017.\u00a0 Prost\u0159ednictv\u00edm pl\u00e1n\u016f z let 1895 \u2013 1933 ze St\u00e1tn\u00edho okresn\u00edho archivu v Uhersk\u00e9m Hradi\u0161ti a osud\u016f realizovan\u00fdch staveb si m\u011bsto p\u0159ipomn\u011blo d\u00edlo\u2026","rel":"","context":"Podobn\u00fd p\u0159\u00edsp\u011bvek","block_context":{"text":"Podobn\u00fd p\u0159\u00edsp\u011bvek","link":""},"img":{"alt_text":"","src":"https:\/\/i0.wp.com\/blog.sy-sy.cz\/wp-content\/uploads\/2018\/03\/credits-212x300.jpg?resize=350%2C200&ssl=1","width":350,"height":200},"classes":[]}],"jetpack_sharing_enabled":true,"_links":{"self":[{"href":"https:\/\/blog.sy-sy.cz\/index.php\/wp-json\/wp\/v2\/pages\/73","targetHints":{"allow":["GET"]}}],"collection":[{"href":"https:\/\/blog.sy-sy.cz\/index.php\/wp-json\/wp\/v2\/pages"}],"about":[{"href":"https:\/\/blog.sy-sy.cz\/index.php\/wp-json\/wp\/v2\/types\/page"}],"author":[{"embeddable":true,"href":"https:\/\/blog.sy-sy.cz\/index.php\/wp-json\/wp\/v2\/users\/2"}],"replies":[{"embeddable":true,"href":"https:\/\/blog.sy-sy.cz\/index.php\/wp-json\/wp\/v2\/comments?post=73"}],"version-history":[{"count":3,"href":"https:\/\/blog.sy-sy.cz\/index.php\/wp-json\/wp\/v2\/pages\/73\/revisions"}],"predecessor-version":[{"id":3367,"href":"https:\/\/blog.sy-sy.cz\/index.php\/wp-json\/wp\/v2\/pages\/73\/revisions\/3367"}],"wp:featuredmedia":[{"embeddable":true,"href":"https:\/\/blog.sy-sy.cz\/index.php\/wp-json\/wp\/v2\/media\/72"}],"wp:attachment":[{"href":"https:\/\/blog.sy-sy.cz\/index.php\/wp-json\/wp\/v2\/media?parent=73"}],"curies":[{"name":"wp","href":"https:\/\/api.w.org\/{rel}","templated":true}]}}