{"id":795,"date":"2016-09-04T09:14:08","date_gmt":"2016-09-04T07:14:08","guid":{"rendered":"http:\/\/sy-sy.synology.me\/?page_id=795"},"modified":"2020-06-02T18:21:20","modified_gmt":"2020-06-02T16:21:20","slug":"shp-lysovice","status":"publish","type":"page","link":"https:\/\/blog.sy-sy.cz\/index.php\/projekty-a-pruzkumy\/shp-lysovice\/","title":{"rendered":"SHP Lysovice"},"content":{"rendered":"<p><strong>Lysovice (Vy\u0161kov), s\u00eddeln\u011b historick\u00fd pr\u016fzkum <\/strong>1997 \/ (s&nbsp;Janem O. Eli\u00e1\u0161em)<br \/>\n\/ investor: OkU Vy\u0161kov<br \/>\n* <em>P\u0159eveden\u00ed ti\u0161t\u011bn\u00e9 podoby SHP do dokument\u016f PDF a&nbsp;GIS ArcView \/ ArcExplorer 2000<\/em><\/p>\n<ul>\n<li><a href=\"https:\/\/sovamm.cz\/PDFs\/SySy\/lysovice\/TITUL1\" target=\"_blank\" rel=\"noopener noreferrer\">Tituln\u00ed strana<\/a><\/li>\n<li><a href=\"https:\/\/sovamm.cz\/PDFs\/SySy\/lysovice\/UVOD.PDF#pagemode=bookmarks&#038;page=1\" target=\"_blank\" rel=\"noopener noreferrer\">Textov\u00e1 \u010d\u00e1st<\/a><\/li>\n<li><a href=\"https:\/\/sovamm.cz\/PDFs\/SySy\/lysovice\/KATALOG.PDF#pagemode=bookmarks&#038;page=1\" target=\"_blank\" rel=\"noopener noreferrer\">Katalog objekt\u016f<\/a><\/li>\n<li><a href=\"https:\/\/sovamm.cz\/PDFs\/SySy\/lysovice\/OBR_PRIL.PDF#pagemode=bookmarks&#038;page=1\" target=\"_blank\" rel=\"noopener noreferrer\">Obrazov\u00e9 p\u0159\u00edlohy<\/a><\/li>\n<li><a href=\"https:\/\/sovamm.cz\/PDFs\/SySy\/lysovice\/GR_PRIL.PDF#pagemode=bookmarks&#038;page=1\" target=\"_blank\" rel=\"noopener noreferrer\">Grafick\u00e1 \u010d\u00e1st<\/a><\/li>\n<li>* GIS data dostupn\u00e1 na CD N150SYSY2000<\/li>\n<\/ul>\n<ul>\n<li>SYROV\u00c1, Zuzana; SYROV\u00dd, Ji\u0159\u00ed: <span class=\"\">Pam\u00e1tkov\u00e1 z\u00f3na Lysovice \u2013 poznatky stavebn\u011b historick\u00e9ho pr\u016fzkumu. <\/span>In: <span class=\"sourceDocument\">Pam\u00e1tkov\u00e1 p\u00e9\u010de na Morav\u011b. = Monumentorum Moraviae tutela: lidov\u00e9 stavitelstv\u00ed \/<\/span> Brno : N\u00e1rodn\u00ed pam\u00e1tkov\u00fd \u00fastav 7, 2003, s. 41-56. <a href=\"https:\/\/sovamm.cz\/PDFs\/SySy\/lysovice\/Lysovice_2003r.pdf#pagemode=bookmarks&amp;page=2\" target=\"_blank\" rel=\"noopener noreferrer\">PDF<\/a><\/li>\n<\/ul>\n<p><a href=\"https:\/\/i0.wp.com\/blog.sy-sy.cz\/wp-content\/uploads\/2016\/09\/LEYD06_-1.jpg?ssl=1\"><img data-recalc-dims=\"1\" loading=\"lazy\" decoding=\"async\" data-attachment-id=\"798\" data-permalink=\"https:\/\/blog.sy-sy.cz\/index.php\/projekty-a-pruzkumy\/shp-lysovice\/leyd06_\/\" data-orig-file=\"https:\/\/i0.wp.com\/blog.sy-sy.cz\/wp-content\/uploads\/2016\/09\/LEYD06_-1.jpg?fit=695%2C469&amp;ssl=1\" data-orig-size=\"695,469\" data-comments-opened=\"0\" data-image-meta=\"{&quot;aperture&quot;:&quot;0&quot;,&quot;credit&quot;:&quot;&quot;,&quot;camera&quot;:&quot;&quot;,&quot;caption&quot;:&quot;&quot;,&quot;created_timestamp&quot;:&quot;0&quot;,&quot;copyright&quot;:&quot;&quot;,&quot;focal_length&quot;:&quot;0&quot;,&quot;iso&quot;:&quot;0&quot;,&quot;shutter_speed&quot;:&quot;0&quot;,&quot;title&quot;:&quot;&quot;,&quot;orientation&quot;:&quot;0&quot;}\" data-image-title=\"LEYD06_\" data-image-description=\"\" data-image-caption=\"\" data-large-file=\"https:\/\/i0.wp.com\/blog.sy-sy.cz\/wp-content\/uploads\/2016\/09\/LEYD06_-1.jpg?fit=625%2C422&amp;ssl=1\" class=\" size-medium wp-image-798 aligncenter\" src=\"https:\/\/i0.wp.com\/blog.sy-sy.cz\/wp-content\/uploads\/2016\/09\/LEYD06_-1.jpg?resize=300%2C202&#038;ssl=1\" alt=\"LEYD06_\" width=\"300\" height=\"202\" srcset=\"https:\/\/i0.wp.com\/blog.sy-sy.cz\/wp-content\/uploads\/2016\/09\/LEYD06_-1.jpg?resize=300%2C202&amp;ssl=1 300w, https:\/\/i0.wp.com\/blog.sy-sy.cz\/wp-content\/uploads\/2016\/09\/LEYD06_-1.jpg?resize=624%2C421&amp;ssl=1 624w, https:\/\/i0.wp.com\/blog.sy-sy.cz\/wp-content\/uploads\/2016\/09\/LEYD06_-1.jpg?w=695&amp;ssl=1 695w\" sizes=\"auto, (max-width: 300px) 100vw, 300px\" \/><\/a><\/p>\n","protected":false},"excerpt":{"rendered":"<p>Lysovice (Vy\u0161kov), s\u00eddeln\u011b historick\u00fd pr\u016fzkum 1997 \/ (s&nbsp;Janem O. Eli\u00e1\u0161em) \/ investor: OkU Vy\u0161kov * P\u0159eveden\u00ed ti\u0161t\u011bn\u00e9 podoby SHP do dokument\u016f PDF a&nbsp;GIS ArcView \/ ArcExplorer 2000 Tituln\u00ed strana Textov\u00e1 [&hellip;]<\/p>\n","protected":false},"author":2,"featured_media":0,"parent":40,"menu_order":0,"comment_status":"closed","ping_status":"open","template":"","meta":{"jetpack_post_was_ever_published":false,"footnotes":""},"class_list":["post-795","page","type-page","status-publish","hentry"],"jetpack_shortlink":"https:\/\/wp.me\/P91gAT-cP","jetpack-related-posts":[{"id":784,"url":"https:\/\/blog.sy-sy.cz\/index.php\/projekty-a-pruzkumy\/shp-maratice\/","url_meta":{"origin":795,"position":0},"title":"SHP Ma\u0159atice","author":"Zuzana Syrov\u00e1 An\u00fd\u017eov\u00e1","date":"04\/09\/2016","format":false,"excerpt":"Ma\u0159atice (Uhersk\u00e9 Hradi\u0161t\u011b), s\u00eddeln\u011b historick\u00fd pr\u016fzkum 1994 \/ investor: M\u011bsto Uhersk\u00e9 Hradi\u0161t\u011b * P\u0159eveden\u00ed ti\u0161t\u011bn\u00e9 podoby SHP do dokument\u016f PDF a GIS ArcView \/ ArcExplorer 2000 Textov\u00e1 a grafick\u00e1 \u010d\u00e1st pr\u016fzkumu Mapov\u00fd projekt na str\u00e1nk\u00e1ch m\u011bsta Uhersk\u00e9 Hradi\u0161t\u011b GIS data dostupn\u00e1 na CD N2016SYSY2000","rel":"","context":"Podobn\u00fd p\u0159\u00edsp\u011bvek","block_context":{"text":"Podobn\u00fd p\u0159\u00edsp\u011bvek","link":""},"img":{"alt_text":"maratice_obsah_CD_Str\u00e1nka_1","src":"https:\/\/i0.wp.com\/blog.sy-sy.cz\/wp-content\/uploads\/2016\/09\/maratice_obsah_CD_Str%C3%A1nka_1-1-300x297.jpg?resize=350%2C200&ssl=1","width":350,"height":200},"classes":[]},{"id":40,"url":"https:\/\/blog.sy-sy.cz\/index.php\/projekty-a-pruzkumy\/","url_meta":{"origin":795,"position":1},"title":"Projekty a&nbsp;pr\u016fzkumy","author":"Zuzana Syrov\u00e1 An\u00fd\u017eov\u00e1","date":"03\/11\/2014","format":false,"excerpt":"inventariza\u010dn\u00ed pr\u016fzkumy lidov\u00e9 architektury Chr\u00e1n\u011bn\u00e9 krajinn\u00e9 oblasti Jesen\u00edky * N\u00e1rodn\u00edho parku Krkono\u0161e * N\u00e1rodn\u00edho parku Podyj\u00ed a jeho ochrann\u00e9ho p\u00e1sma * Chr\u00e1n\u011bn\u00e9 krajinn\u00e9 oblasti B\u00edl\u00e9 Karpaty pr\u016fzkumy pro projekty obnovy vesnice: MPR \u0160tramberk (NJ) * Sudom\u011b\u0159ice, Dambo\u0159ice, Petrov, N\u011bm\u010di\u010dky a Lipov (HO) * Sedlec a Hlohovec (BV) * Jarom\u011b\u0159ice, Rychnov\u2026","rel":"","context":"Podobn\u00fd p\u0159\u00edsp\u011bvek","block_context":{"text":"Podobn\u00fd p\u0159\u00edsp\u011bvek","link":""},"img":{"alt_text":"","src":"","width":0,"height":0},"classes":[]},{"id":342,"url":"https:\/\/blog.sy-sy.cz\/index.php\/o-gis-a-pagis\/publikace-o-gis-a-pagis\/","url_meta":{"origin":795,"position":2},"title":"Publikace o&nbsp;GIS a&nbsp;PaGIS","author":"Zuzana Syrov\u00e1 An\u00fd\u017eov\u00e1","date":"29\/12\/2014","format":false,"excerpt":"SYROV\u00c1, Zuzana; SYROV\u00dd, Ji\u0159\u00ed: GIS pro SHP: Jedno\u00fa\u010delov\u00e1 po\u010d\u00edta\u010dov\u011b zpracovan\u00e1 dokumentace versus objektov\u011b orientovan\u00fd GIS | GIS f\u00fcr bauhistorische Untersuchungen. Die einem einzigen Zweck dienende computerbearbeitete Dokumentation versus objektorientiertes GIS. Svorn\u00edk, 4\/2006. ISBN 80-86562-07-7 |\u00a0 ISSN 1802-8128. PDF SYROV\u00c1, Zuzana; SYROV\u00dd, Ji\u0159\u00ed: \u00a0Stavebn\u011b - historick\u00fd pr\u016fzkum s\u00eddla a jeho zpracov\u00e1n\u00ed\u2026","rel":"","context":"Podobn\u00fd p\u0159\u00edsp\u011bvek","block_context":{"text":"Podobn\u00fd p\u0159\u00edsp\u011bvek","link":""},"img":{"alt_text":"","src":"","width":0,"height":0},"classes":[]},{"id":451,"url":"https:\/\/blog.sy-sy.cz\/index.php\/projekty-a-pruzkumy\/stavebne-historicky-a-urbanisticko-historicky-vyzkum-np-podyji-a-jeho-op\/","url_meta":{"origin":795,"position":3},"title":"Stavebn\u011b historick\u00fd a&nbsp;urbanisticko historick\u00fd v\u00fdzkum NP Podyj\u00ed a&nbsp;jeho OP","author":"Zuzana Syrov\u00e1 An\u00fd\u017eov\u00e1","date":"08\/02\/2015","format":false,"excerpt":"Projekt SOVAMM Stavebn\u011b historick\u00fd a urbanisticko historick\u00fd v\u00fdzkum NP Podyj\u00ed a jeho OP \u2013 modelov\u00fd p\u0159\u00edklad GIS a syst\u00e9mu urbanistick\u00e9 stability (1996-1997, MK0\/PK): Prezentace projektu - zpracov\u00e1n\u00ed s\u00eddla (p\u0159\u00edklad Popice)\u00a0 (version FR) Popice - katalog objekt\u016f Prezentace projektu - zpracov\u00e1n\u00ed SHP objektu (p\u0159\u00edklad Lusthaus, \u010c\u00ed\u017eov)","rel":"","context":"Podobn\u00fd p\u0159\u00edsp\u011bvek","block_context":{"text":"Podobn\u00fd p\u0159\u00edsp\u011bvek","link":""},"img":{"alt_text":"","src":"https:\/\/i0.wp.com\/blog.sy-sy.cz\/wp-content\/uploads\/2015\/02\/POPICE19-1.jpg?fit=672%2C408&ssl=1&resize=350%2C200","width":350,"height":200,"srcset":"https:\/\/i0.wp.com\/blog.sy-sy.cz\/wp-content\/uploads\/2015\/02\/POPICE19-1.jpg?fit=672%2C408&ssl=1&resize=350%2C200 1x, https:\/\/i0.wp.com\/blog.sy-sy.cz\/wp-content\/uploads\/2015\/02\/POPICE19-1.jpg?fit=672%2C408&ssl=1&resize=525%2C300 1.5x"},"classes":[]},{"id":2681,"url":"https:\/\/blog.sy-sy.cz\/index.php\/projekty-a-pruzkumy\/shp-uhersky-ostroh\/","url_meta":{"origin":795,"position":4},"title":"SHP Uhersk\u00fd Ostroh","author":"Zuzana Syrov\u00e1 An\u00fd\u017eov\u00e1","date":"15\/07\/2020","format":false,"excerpt":"Uhersk\u00fd Ostroh (Uhersk\u00e9 Hradi\u0161t\u011b), s\u00eddeln\u011b historick\u00fd pr\u016fzkum MPZ a p\u0159edm\u011bstsk\u00fdch \u010d\u00e1st\u00ed 1993 \/ (s Janem O. Eli\u00e1\u0161em) \/ investor: MU Uhersk\u00fd Ostroh Textov\u00e1 \u010d\u00e1st sv. I (Obsah \/ \u00davodn\u00ed pozn\u00e1mka \/ P\u0159ehled stavebn\u011b historick\u00e9ho a architektonick\u00e9ho v\u00fdvoje \/ Mapy a pl\u00e1ny \/ Literatura \/ Historick\u00e1 pl\u00e1nov\u00e1 dokumentace (stavebn\u00ed pl\u00e1ny)) Textov\u00e1\u2026","rel":"","context":"Podobn\u00fd p\u0159\u00edsp\u011bvek","block_context":{"text":"Podobn\u00fd p\u0159\u00edsp\u011bvek","link":""},"img":{"alt_text":"","src":"https:\/\/i0.wp.com\/blog.sy-sy.cz\/wp-content\/uploads\/2020\/07\/0008345-300x201.jpg?resize=350%2C200&ssl=1","width":350,"height":200},"classes":[]},{"id":370,"url":"https:\/\/blog.sy-sy.cz\/index.php\/o-hline\/publikace\/hlina-ve-stavebne-historickych-a-inventarizacnich-pruzkumech-sovamm\/","url_meta":{"origin":795,"position":5},"title":"Hl\u00edna ve stavebn\u011b historick\u00fdch a&nbsp;inventariza\u010dn\u00edch pr\u016fzkumech SOVAMM","author":"Zuzana Syrov\u00e1 An\u00fd\u017eov\u00e1","date":"29\/12\/2014","format":false,"excerpt":"Spole\u010dnost pro obnovu vesnice a mal\u00e9ho m\u011bsta (SOVAMM) vznikla v roce 1990 jako z\u00e1jmov\u00e9 sdru\u017een\u00ed odborn\u00edk\u016f a z\u00e1jemc\u016f o venkovsk\u00e9 stavitelstv\u00ed. Vernakul\u00e1rn\u00ed (lidovou i stavitelskou) architekturou se zab\u00fdv\u00e1 i z pohledu konstrukc\u00ed a technologi\u00ed. Dlouhodob\u00fdm projektem SOVAMM je Atlas lidov\u00e9 architektury, jeho\u017e vznik umo\u017enily dva stejnojmenn\u00e9 grantov\u00e9 projekty (Ku\u010da &\u2026","rel":"","context":"Podobn\u00fd p\u0159\u00edsp\u011bvek","block_context":{"text":"Podobn\u00fd p\u0159\u00edsp\u011bvek","link":""},"img":{"alt_text":"","src":"https:\/\/i0.wp.com\/blog.sy-sy.cz\/wp-content\/uploads\/2014\/12\/01-1-e1503569600224.jpg?fit=1038%2C721&ssl=1&resize=350%2C200","width":350,"height":200,"srcset":"https:\/\/i0.wp.com\/blog.sy-sy.cz\/wp-content\/uploads\/2014\/12\/01-1-e1503569600224.jpg?fit=1038%2C721&ssl=1&resize=350%2C200 1x, https:\/\/i0.wp.com\/blog.sy-sy.cz\/wp-content\/uploads\/2014\/12\/01-1-e1503569600224.jpg?fit=1038%2C721&ssl=1&resize=525%2C300 1.5x, https:\/\/i0.wp.com\/blog.sy-sy.cz\/wp-content\/uploads\/2014\/12\/01-1-e1503569600224.jpg?fit=1038%2C721&ssl=1&resize=700%2C400 2x"},"classes":[]}],"jetpack_sharing_enabled":true,"_links":{"self":[{"href":"https:\/\/blog.sy-sy.cz\/index.php\/wp-json\/wp\/v2\/pages\/795","targetHints":{"allow":["GET"]}}],"collection":[{"href":"https:\/\/blog.sy-sy.cz\/index.php\/wp-json\/wp\/v2\/pages"}],"about":[{"href":"https:\/\/blog.sy-sy.cz\/index.php\/wp-json\/wp\/v2\/types\/page"}],"author":[{"embeddable":true,"href":"https:\/\/blog.sy-sy.cz\/index.php\/wp-json\/wp\/v2\/users\/2"}],"replies":[{"embeddable":true,"href":"https:\/\/blog.sy-sy.cz\/index.php\/wp-json\/wp\/v2\/comments?post=795"}],"version-history":[{"count":3,"href":"https:\/\/blog.sy-sy.cz\/index.php\/wp-json\/wp\/v2\/pages\/795\/revisions"}],"predecessor-version":[{"id":2607,"href":"https:\/\/blog.sy-sy.cz\/index.php\/wp-json\/wp\/v2\/pages\/795\/revisions\/2607"}],"up":[{"embeddable":true,"href":"https:\/\/blog.sy-sy.cz\/index.php\/wp-json\/wp\/v2\/pages\/40"}],"wp:attachment":[{"href":"https:\/\/blog.sy-sy.cz\/index.php\/wp-json\/wp\/v2\/media?parent=795"}],"curies":[{"name":"wp","href":"https:\/\/api.w.org\/{rel}","templated":true}]}}